{"id":8757,"date":"2022-08-02T11:23:05","date_gmt":"2022-08-02T11:23:05","guid":{"rendered":"https:\/\/gesport.unizar.es\/?page_id=8757"},"modified":"2022-10-01T22:27:03","modified_gmt":"2022-10-01T22:27:03","slug":"6-article-female-chairs-in-the-boards-of-european-nsfs-a-comparative-study","status":"publish","type":"page","link":"https:\/\/gesport.unizar.es\/tr\/6-article-female-chairs-in-the-boards-of-european-nsfs-a-comparative-study\/","title":{"rendered":"Ortak makale: Avrupa Ulusal Spor Federasyonlar\u0131 Kurullar\u0131nda Kad\u0131n Ba\u015fkanlar: Kar\u015f\u0131la\u015ft\u0131rmal\u0131 Bir \u00c7al\u0131\u015fma\ufffc"},"content":{"rendered":"\n<p>Bu makale, GESPORT projesine dahil be\u015f \u00fclkenin (Birle\u015fik Krall\u0131k, \u0130talya, \u0130spanya, Portekiz ve T\u00fcrkiye) USF\u2019lerindeki ba\u015fkan rol\u00fcndeki kad\u0131nlar\u0131n mevcudiyetini kar\u015f\u0131la\u015ft\u0131rmaktad\u0131r. Ayr\u0131ca federasyonlar\u0131n baz\u0131 \u00f6rg\u00fctsel de\u011fi\u015fkenlerinin, \u00f6zellikle federasyon y\u00f6netim kurulunun b\u00fcy\u00fckl\u00fc\u011f\u00fcn\u00fcn, kurulda var olan cinsiyet \u00e7e\u015fitlili\u011finin derecesinin ve federasyonun kurulu\u015f y\u0131l\u0131n\u0131n bir kad\u0131n\u0131n USF ba\u015fkanl\u0131\u011f\u0131nda bulunma olas\u0131l\u0131\u011f\u0131 \u00fczerinde herhangi bir etki yap\u0131p yapmad\u0131\u011f\u0131n\u0131 da ara\u015ft\u0131rmay\u0131 ama\u00e7lamaktad\u0131r. Bu nedenle makale, tan\u0131mlay\u0131c\u0131 ama\u00e7lara ek olarak, \u00f6rg\u00fctsel y\u00f6nlerin olup olmad\u0131\u011f\u0131n\u0131 do\u011frulayarak sporda kad\u0131n liderli\u011fini te\u015fvik eden fakt\u00f6rlerin bilgisine katk\u0131da bulunmay\u0131 ama\u00e7lamaktad\u0131r.<\/p>\n\n\n\n<p>Uluslararas\u0131 alanda spor federasyonlar\u0131n\u0131n \u00e7ok az say\u0131da kad\u0131n ba\u015fkan\u0131n\u0131n bulundu\u011fu g\u00f6r\u00fc\u015f\u00fcnden yola \u00e7\u0131karak makale, incelenen be\u015f \u00fclkenin USF\u2019lerinde ka\u00e7 kad\u0131n ba\u015fkan\u0131n bulundu\u011funu a\u00e7\u0131klad\u0131ktan sonra, baz\u0131 de\u011fi\u015fkenlerin kad\u0131n ba\u015fkan olma olas\u0131l\u0131\u011f\u0131n\u0131 etkileyip etkilemedi\u011fini ara\u015ft\u0131rmaktad\u0131r. Bu \u00fc\u00e7 de\u011fi\u015fken federasyonlar\u0131n baz\u0131 \u00f6rg\u00fctsel y\u00f6nleriyle ilgilidir. \u00d6zellikle sosyolojik (spor kurulunda cinsiyet \u00e7e\u015fitlili\u011fi), demografik (federasyonun do\u011fum tarihi) ve y\u00f6netim de\u011fi\u015fkeni (federasyon y\u00f6netim kurulunun b\u00fcy\u00fckl\u00fc\u011f\u00fc) dikkate al\u0131nmaktad\u0131r.<\/p>\n\n\n\n<p>Bu se\u00e7imin nedeni, bu de\u011fi\u015fkenlerin literat\u00fcrde zaten farkl\u0131 organizasyon t\u00fcrlerinde ve spor da dahil olmak \u00fczere farkl\u0131 sekt\u00f6rlerde \u00fcst s\u0131ralarda yer alan kad\u0131nlar\u0131n varl\u0131\u011f\u0131 ile ili\u015fkili olmas\u0131ndan kaynaklanmaktad\u0131r. Bahsedilen de\u011fi\u015fkenlerin etkisini de\u011ferlendirmek i\u00e7in, be\u015f \u00fclkenin federasyonlar\u0131n\u0131n neredeyse tamam\u0131 olan 297 USF\u2019den olu\u015fan \u00f6rnekleme lojistik regresyon analizi uygulanm\u0131\u015ft\u0131r. \u00d6rneklem BK\u2019de 58 (%19,5), \u0130talya&#8217;da 55 (%18,5), \u0130spanya&#8217;da 66 (%22,2), Portekiz&#8217;de 56 (%18,9) ve T\u00fcrkiye&#8217;de 62 federasyona (%20,9) e\u015fde\u011ferdir. Federasyonlara ait veriler, federasyonlar\u0131n resmi web sitelerinde bulunan bilgilere dayal\u0131 olarak Mart ve Kas\u0131m 2018 aras\u0131nda olu\u015fturulan ilk veri taban\u0131ndan al\u0131nm\u0131\u015ft\u0131r.<\/p>\n\n\n\n<p>Analiz, s\u00f6z konusu d\u00f6nemde bir kad\u0131n\u0131n ba\u015fkan oldu\u011fu federasyonlar\u0131n az oldu\u011funu ve \u00f6rneklemin ortalama %0,07&#8217;sini temsil etti\u011fini do\u011frulamaktad\u0131r. En fazla kad\u0131n ba\u015fkana sahip \u00fclke, 13 kad\u0131n ba\u015fkana sahip BK\u2019dir. \u00dc\u00e7 kad\u0131n ba\u015fkan ile \u0130spanya ve T\u00fcrkiye, BK\u2019yi takip etmektedir. Portekiz&#8217;in iki kad\u0131n ba\u015fkan\u0131 (%9,1) ve \u0130talya&#8217;n\u0131n sadece bir kad\u0131n ba\u015fkan\u0131 (%4,5) vard\u0131. Ana bulgu y\u00f6netim kurulunun b\u00fcy\u00fckl\u00fc\u011f\u00fcn\u00fcn, spor kurulunun cinsiyet \u00e7e\u015fitlili\u011finin ve organizasyonun ya\u015f\u0131n\u0131n, federasyonlarda ba\u015fkan\u0131n cinsiyeti \u00fczerinde \u00f6nemli bir etkisinin olmamas\u0131na y\u00f6neliktir. Ayr\u0131ca \u0130talya, Portekiz veya \u0130spanya&#8217;da olmak ve BK\u2019yi referans almak y\u00f6netim kurulu ba\u015fkan\u0131 olarak bir kad\u0131n olma ihtimalini olumsuz etkilemektedir.<\/p>\n\n\n\n<p>\u00c7al\u0131\u015fma, hem toplumsal cinsiyet odakl\u0131 literat\u00fcre hem de politika yap\u0131c\u0131lar i\u00e7in \u00f6nemli bir bilgi taban\u0131n\u0131n olu\u015fturulmas\u0131na ciddi \u00f6l\u00e7\u00fcde katk\u0131da bulunmaktad\u0131r. Literat\u00fcre yap\u0131lan katk\u0131ya gelince, ikincisinin her zaman spor d\u0131\u015f\u0131ndaki ba\u011flamlarda olmak \u00fczere ele al\u0131nan \u00fc\u00e7 de\u011fi\u015fkenin bir \u015fekilde liderlik pozisyonlar\u0131n\u0131n cinsiyetini etkiledi\u011fine dikkat edilmelidir. \u00c7al\u0131\u015fmam\u0131z bunun yerine, spor federasyonlar\u0131nda etki yaratmad\u0131klar\u0131n\u0131 ve ikincisinin di\u011fer organizasyon t\u00fcrlerine k\u0131yasla kendine \u00f6zg\u00fc \u00f6zelliklere sahip oldu\u011funu vurgulamaktad\u0131r.<\/p>\n\n\n\n<p>Benzer sonu\u00e7, politika yap\u0131c\u0131lar\u0131n spor sekt\u00f6r\u00fcnde di\u011fer sekt\u00f6rlere g\u00f6re daha radikal cinsiyet politikalar\u0131 benimsediklerini g\u00f6stermektedir. \u0130lgili sonu\u00e7, bu t\u00fcr bir spor organizasyonunda ba\u015fkanl\u0131\u011f\u0131n a\u00e7\u0131k\u00e7a erkeklikle ba\u011flant\u0131l\u0131 di\u011fer \u00f6rg\u00fctsel ba\u011flamlarda oldu\u011fundan daha g\u00fc\u00e7l\u00fc bir sembolik anlama sahip oldu\u011funun yans\u0131mas\u0131ndan kaynaklanmaktad\u0131r. Her \u015feyden \u00f6nce, federasyon y\u00f6netim kurulu i\u00e7inde cinsiyet \u00e7e\u015fitlili\u011fi ile anlaml\u0131 bir ili\u015fki bulunamam\u0131\u015f olmas\u0131, bir kad\u0131n y\u00f6neticinin toplumsal temsilinin, bir kad\u0131n federasyon ba\u015fkan\u0131n\u0131nkinden farkl\u0131 oldu\u011funu g\u00f6stermektedir. Dolay\u0131s\u0131yla federasyon y\u00f6netim kurulunda kad\u0131n bulunmas\u0131n\u0131n nedenleri, ba\u015fkan olarak kad\u0131n bulunmas\u0131n\u0131n sebeplerinden \u00f6nemli \u00f6l\u00e7\u00fcde farkl\u0131d\u0131r. Bu makalenin bir \u00f6n bask\u0131 s\u00fcr\u00fcm\u00fc Zenodo&#8217;dan ve proje web sitesinden indirilebilir.<\/p>\n\n\n\n<p>Makale referans\u0131:<\/p>\n\n\n\n<pre class=\"wp-block-preformatted\">Avrupa Ulusal Spor Federasyonlar\u0131 Kurullar\u0131nda Kad\u0131n Y\u00f6neticiler: Kar\u015f\u0131la\u015ft\u0131rmal\u0131 Bir \u00c7al\u0131\u015fma. DOI: 10.5281\/zenodo.6834672\n\nBuradan indirilebilir: <\/pre>\n\n\n\n<div class=\"wp-container-1 wp-block-buttons\">\n<div class=\"wp-block-button\"><a class=\"wp-block-button__link\">Zenodo <\/a><\/div>\n\n\n\n<div class=\"wp-block-button\"><a class=\"wp-block-button__link\">ResearchGate<\/a><\/div>\n<\/div>\n","protected":false},"excerpt":{"rendered":"<p>Bu makale, GESPORT projesine dahil be\u015f \u00fclkenin (Birle\u015fik Krall\u0131k, \u0130talya, \u0130spanya, Portekiz ve T\u00fcrkiye) USF\u2019lerindeki ba\u015fkan rol\u00fcndeki kad\u0131nlar\u0131n mevcudiyetini kar\u015f\u0131la\u015ft\u0131rmaktad\u0131r. Ayr\u0131ca federasyonlar\u0131n baz\u0131 \u00f6rg\u00fctsel de\u011fi\u015fkenlerinin, \u00f6zellikle federasyon y\u00f6netim kurulunun b\u00fcy\u00fckl\u00fc\u011f\u00fcn\u00fcn, kurulda var olan cinsiyet \u00e7e\u015fitlili\u011finin derecesinin ve federasyonun kurulu\u015f y\u0131l\u0131n\u0131n bir kad\u0131n\u0131n USF ba\u015fkanl\u0131\u011f\u0131nda bulunma olas\u0131l\u0131\u011f\u0131 \u00fczerinde herhangi bir etki yap\u0131p yapmad\u0131\u011f\u0131n\u0131 da ara\u015ft\u0131rmay\u0131 ama\u00e7lamaktad\u0131r. &hellip;<\/p>\n<p class=\"read-more\"> <a class=\"\" href=\"https:\/\/gesport.unizar.es\/tr\/6-article-female-chairs-in-the-boards-of-european-nsfs-a-comparative-study\/\"> <span class=\"screen-reader-text\">Ortak makale: Avrupa Ulusal Spor Federasyonlar\u0131 Kurullar\u0131nda Kad\u0131n Ba\u015fkanlar: Kar\u015f\u0131la\u015ft\u0131rmal\u0131 Bir \u00c7al\u0131\u015fma\ufffc<\/span> Read More &raquo;<\/a><\/p>\n","protected":false},"author":3,"featured_media":0,"parent":0,"menu_order":0,"comment_status":"closed","ping_status":"closed","template":"","meta":{"site-sidebar-layout":"default","site-content-layout":"default","ast-global-header-display":"","ast-main-header-display":"","ast-hfb-above-header-display":"","ast-hfb-below-header-display":"","ast-hfb-mobile-header-display":"","site-post-title":"","ast-breadcrumbs-content":"","ast-featured-img":"","footer-sml-layout":"","theme-transparent-header-meta":"","adv-header-id-meta":"","stick-header-meta":"","header-above-stick-meta":"","header-main-stick-meta":"","header-below-stick-meta":""},"translation":{"provider":"WPGlobus","version":"2.10.4","language":"tr","enabled_languages":["gb","es","tr","it","pt"],"languages":{"gb":{"title":true,"content":true,"excerpt":false},"es":{"title":true,"content":true,"excerpt":false},"tr":{"title":true,"content":true,"excerpt":false},"it":{"title":true,"content":true,"excerpt":false},"pt":{"title":true,"content":true,"excerpt":false}}},"yoast_head":"<!-- This site is optimized with the Yoast SEO plugin v19.7.1 - https:\/\/yoast.com\/wordpress\/plugins\/seo\/ -->\n<title>Ortak makale: Avrupa Ulusal Spor Federasyonlar\u0131 Kurullar\u0131nda Kad\u0131n Ba\u015fkanlar: Kar\u015f\u0131la\u015ft\u0131rmal\u0131 Bir \u00c7al\u0131\u015fma\ufffc - GESPORT+<\/title>\n<meta name=\"robots\" content=\"index, follow, max-snippet:-1, max-image-preview:large, max-video-preview:-1\" \/>\n<link rel=\"canonical\" href=\"https:\/\/gesport.unizar.es\/6-article-female-chairs-in-the-boards-of-european-nsfs-a-comparative-study\/\" \/>\n<meta property=\"og:locale\" content=\"tr_TR\" \/>\n<meta property=\"og:type\" content=\"article\" \/>\n<meta property=\"og:title\" content=\"Ortak makale: Avrupa Ulusal Spor Federasyonlar\u0131 Kurullar\u0131nda Kad\u0131n Ba\u015fkanlar: Kar\u015f\u0131la\u015ft\u0131rmal\u0131 Bir \u00c7al\u0131\u015fma\ufffc - GESPORT+\" \/>\n<meta property=\"og:url\" content=\"https:\/\/gesport.unizar.es\/6-article-female-chairs-in-the-boards-of-european-nsfs-a-comparative-study\/\" \/>\n<meta property=\"og:site_name\" content=\"GESPORT+\" \/>\n<meta property=\"article:modified_time\" content=\"2022-10-01T22:27:03+00:00\" \/>\n<meta name=\"twitter:card\" content=\"summary_large_image\" \/>\n<meta name=\"twitter:label1\" content=\"Est. reading time\" \/>\n\t<meta name=\"twitter:data1\" content=\"4 minutes\" \/>\n<script type=\"application\/ld+json\" class=\"yoast-schema-graph\">{\"@context\":\"https:\/\/schema.org\",\"@graph\":[{\"@type\":\"WebPage\",\"@id\":\"https:\/\/gesport.unizar.es\/6-article-female-chairs-in-the-boards-of-european-nsfs-a-comparative-study\/\",\"url\":\"https:\/\/gesport.unizar.es\/6-article-female-chairs-in-the-boards-of-european-nsfs-a-comparative-study\/\",\"name\":\"Ortak makale: Avrupa Ulusal Spor Federasyonlar\u0131 Kurullar\u0131nda Kad\u0131n Ba\u015fkanlar: Kar\u015f\u0131la\u015ft\u0131rmal\u0131 Bir \u00c7al\u0131\u015fma\ufffc - GESPORT+\",\"isPartOf\":{\"@id\":\"https:\/\/gesport.unizar.es\/#website\"},\"datePublished\":\"2022-08-02T11:23:05+00:00\",\"dateModified\":\"2022-10-01T22:27:03+00:00\",\"breadcrumb\":{\"@id\":\"https:\/\/gesport.unizar.es\/6-article-female-chairs-in-the-boards-of-european-nsfs-a-comparative-study\/#breadcrumb\"},\"inLanguage\":\"tr-TR\",\"potentialAction\":[{\"@type\":\"ReadAction\",\"target\":[\"https:\/\/gesport.unizar.es\/6-article-female-chairs-in-the-boards-of-european-nsfs-a-comparative-study\/\"]}]},{\"@type\":\"BreadcrumbList\",\"@id\":\"https:\/\/gesport.unizar.es\/6-article-female-chairs-in-the-boards-of-european-nsfs-a-comparative-study\/#breadcrumb\",\"itemListElement\":[{\"@type\":\"ListItem\",\"position\":1,\"name\":\"Portada\",\"item\":\"https:\/\/gesport.unizar.es\/\"},{\"@type\":\"ListItem\",\"position\":2,\"name\":\"Art\u00edculo: Mujeres presidentas en las juntas directivas de las federaciones nacionales deportivas europeas: un estudio comparativo\"}]},{\"@type\":\"WebSite\",\"@id\":\"https:\/\/gesport.unizar.es\/#website\",\"url\":\"https:\/\/gesport.unizar.es\/\",\"name\":\"GESPORT+\",\"description\":\"Corporate governance in sport organizations:  a gendered approach\",\"publisher\":{\"@id\":\"https:\/\/gesport.unizar.es\/#organization\"},\"potentialAction\":[{\"@type\":\"SearchAction\",\"target\":{\"@type\":\"EntryPoint\",\"urlTemplate\":\"https:\/\/gesport.unizar.es\/?s={search_term_string}\"},\"query-input\":\"required name=search_term_string\"}],\"inLanguage\":\"tr-TR\"},{\"@type\":\"Organization\",\"@id\":\"https:\/\/gesport.unizar.es\/#organization\",\"name\":\"GESPORT Erasmus+\",\"url\":\"https:\/\/gesport.unizar.es\/\",\"sameAs\":[],\"logo\":{\"@type\":\"ImageObject\",\"inLanguage\":\"tr-TR\",\"@id\":\"https:\/\/gesport.unizar.es\/#\/schema\/logo\/image\/\",\"url\":\"http:\/\/gesport.unizar.es\/wp-content\/uploads\/2018\/12\/4.jpg\",\"contentUrl\":\"http:\/\/gesport.unizar.es\/wp-content\/uploads\/2018\/12\/4.jpg\",\"width\":400,\"height\":400,\"caption\":\"GESPORT Erasmus+\"},\"image\":{\"@id\":\"https:\/\/gesport.unizar.es\/#\/schema\/logo\/image\/\"}}]}<\/script>\n<!-- \/ Yoast SEO plugin. -->","yoast_head_json":{"title":"Ortak makale: Avrupa Ulusal Spor Federasyonlar\u0131 Kurullar\u0131nda Kad\u0131n Ba\u015fkanlar: Kar\u015f\u0131la\u015ft\u0131rmal\u0131 Bir \u00c7al\u0131\u015fma\ufffc - GESPORT+","robots":{"index":"index","follow":"follow","max-snippet":"max-snippet:-1","max-image-preview":"max-image-preview:large","max-video-preview":"max-video-preview:-1"},"canonical":"https:\/\/gesport.unizar.es\/6-article-female-chairs-in-the-boards-of-european-nsfs-a-comparative-study\/","og_locale":"tr_TR","og_type":"article","og_title":"Ortak makale: Avrupa Ulusal Spor Federasyonlar\u0131 Kurullar\u0131nda Kad\u0131n Ba\u015fkanlar: Kar\u015f\u0131la\u015ft\u0131rmal\u0131 Bir \u00c7al\u0131\u015fma\ufffc - GESPORT+","og_url":"https:\/\/gesport.unizar.es\/6-article-female-chairs-in-the-boards-of-european-nsfs-a-comparative-study\/","og_site_name":"GESPORT+","article_modified_time":"2022-10-01T22:27:03+00:00","twitter_card":"summary_large_image","twitter_misc":{"Est. reading time":"4 minutes"},"schema":{"@context":"https:\/\/schema.org","@graph":[{"@type":"WebPage","@id":"https:\/\/gesport.unizar.es\/6-article-female-chairs-in-the-boards-of-european-nsfs-a-comparative-study\/","url":"https:\/\/gesport.unizar.es\/6-article-female-chairs-in-the-boards-of-european-nsfs-a-comparative-study\/","name":"Ortak makale: Avrupa Ulusal Spor Federasyonlar\u0131 Kurullar\u0131nda Kad\u0131n Ba\u015fkanlar: Kar\u015f\u0131la\u015ft\u0131rmal\u0131 Bir \u00c7al\u0131\u015fma\ufffc - GESPORT+","isPartOf":{"@id":"https:\/\/gesport.unizar.es\/#website"},"datePublished":"2022-08-02T11:23:05+00:00","dateModified":"2022-10-01T22:27:03+00:00","breadcrumb":{"@id":"https:\/\/gesport.unizar.es\/6-article-female-chairs-in-the-boards-of-european-nsfs-a-comparative-study\/#breadcrumb"},"inLanguage":"tr-TR","potentialAction":[{"@type":"ReadAction","target":["https:\/\/gesport.unizar.es\/6-article-female-chairs-in-the-boards-of-european-nsfs-a-comparative-study\/"]}]},{"@type":"BreadcrumbList","@id":"https:\/\/gesport.unizar.es\/6-article-female-chairs-in-the-boards-of-european-nsfs-a-comparative-study\/#breadcrumb","itemListElement":[{"@type":"ListItem","position":1,"name":"Portada","item":"https:\/\/gesport.unizar.es\/"},{"@type":"ListItem","position":2,"name":"Art\u00edculo: Mujeres presidentas en las juntas directivas de las federaciones nacionales deportivas europeas: un estudio comparativo"}]},{"@type":"WebSite","@id":"https:\/\/gesport.unizar.es\/#website","url":"https:\/\/gesport.unizar.es\/","name":"GESPORT+","description":"Corporate governance in sport organizations:  a gendered approach","publisher":{"@id":"https:\/\/gesport.unizar.es\/#organization"},"potentialAction":[{"@type":"SearchAction","target":{"@type":"EntryPoint","urlTemplate":"https:\/\/gesport.unizar.es\/?s={search_term_string}"},"query-input":"required name=search_term_string"}],"inLanguage":"tr-TR"},{"@type":"Organization","@id":"https:\/\/gesport.unizar.es\/#organization","name":"GESPORT Erasmus+","url":"https:\/\/gesport.unizar.es\/","sameAs":[],"logo":{"@type":"ImageObject","inLanguage":"tr-TR","@id":"https:\/\/gesport.unizar.es\/#\/schema\/logo\/image\/","url":"http:\/\/gesport.unizar.es\/wp-content\/uploads\/2018\/12\/4.jpg","contentUrl":"http:\/\/gesport.unizar.es\/wp-content\/uploads\/2018\/12\/4.jpg","width":400,"height":400,"caption":"GESPORT Erasmus+"},"image":{"@id":"https:\/\/gesport.unizar.es\/#\/schema\/logo\/image\/"}}]}},"_links":{"self":[{"href":"https:\/\/gesport.unizar.es\/tr\/wp-json\/wp\/v2\/pages\/8757"}],"collection":[{"href":"https:\/\/gesport.unizar.es\/tr\/wp-json\/wp\/v2\/pages"}],"about":[{"href":"https:\/\/gesport.unizar.es\/tr\/wp-json\/wp\/v2\/types\/page"}],"author":[{"embeddable":true,"href":"https:\/\/gesport.unizar.es\/tr\/wp-json\/wp\/v2\/users\/3"}],"replies":[{"embeddable":true,"href":"https:\/\/gesport.unizar.es\/tr\/wp-json\/wp\/v2\/comments?post=8757"}],"version-history":[{"count":27,"href":"https:\/\/gesport.unizar.es\/tr\/wp-json\/wp\/v2\/pages\/8757\/revisions"}],"predecessor-version":[{"id":9685,"href":"https:\/\/gesport.unizar.es\/tr\/wp-json\/wp\/v2\/pages\/8757\/revisions\/9685"}],"wp:attachment":[{"href":"https:\/\/gesport.unizar.es\/tr\/wp-json\/wp\/v2\/media?parent=8757"}],"curies":[{"name":"wp","href":"https:\/\/api.w.org\/{rel}","templated":true}]}}