{"id":6503,"date":"2021-11-17T09:46:26","date_gmt":"2021-11-17T09:46:26","guid":{"rendered":"https:\/\/gesport.unizar.es\/?page_id=6503"},"modified":"2022-09-14T12:03:18","modified_gmt":"2022-09-14T12:03:18","slug":"logo","status":"publish","type":"page","link":"https:\/\/gesport.unizar.es\/tr\/logo\/","title":{"rendered":"LOGO"},"content":{"rendered":"\n<figure class=\"wp-block-image\"><img src=\"http:\/\/gesport.unizar.es\/wp-content\/uploads\/2018\/06\/podium-gesport.png\" alt=\"La imagen tiene un atributo ALT vac\u00edo; su nombre de archivo es podium-gesport.png\"\/><\/figure>\n\n\n\n<p>GESPORT projesini temsil etmeyi ama\u00e7layan logo, spor organizasyonlar\u0131n\u0131n y\u00f6netim organlar\u0131nda cinsiyet e\u015fitli\u011fini te\u015fvik etmeyi ama\u00e7l\u0131yor. Temel ama\u00e7, gen\u00e7 \u00f6\u011frencileri sporun karar alma organlar\u0131nda toplumsal cinsiyet konusunda duyarl\u0131 k\u0131lmak ve d\u00fc\u015f\u00fcnd\u00fcrmektir. Proje logosu, uluslararas\u0131 bir yar\u0131\u015fma sonucunda se\u00e7ilmi\u015ftir. Kat\u0131l\u0131mc\u0131lar, projeye kat\u0131lan t\u00fcm \u00fclkelerdeki \u00fcniversitelerin g\u00fczel sanatlar fak\u00fclteleri, e\u011fitim fak\u00fclteleri ve y\u00fcksekokullar\u0131ndan \u00f6\u011frencilerdir. Logo yar\u0131\u015fmas\u0131na toplam 49 aday kat\u0131lm\u0131\u015ft\u0131r.<\/p>\n\n\n\n<p>Uluslararas\u0131 yar\u0131\u015fmaya sunulan 49 logodan 8&#8217;i, yakla\u015f\u0131k 2 bin ki\u015finin kat\u0131ld\u0131\u011f\u0131 bir oylama ile se\u00e7ilmi\u015ftir.<\/p>\n\n\n\n<p>Yar\u0131\u015fman\u0131n sekiz finalist logosu ve di\u011fer be\u015f logosu elektronik katalo\u011fa eklenmek \u00fczere se\u00e7ilmi\u015ftir.<\/p>\n\n\n\n<h2>Se\u00e7ilen logolar\u0131n e-katalo\u011fu<\/h2>\n\n\n<div class=\"grid-plus-container grid-69ee40de89f5d post \"\n     id=\"69ee40de89f5d\"\n     data-grid-name=\"Logos\"\n     data-animation=\"fadeInUp\">\n    <div class=\"grid-stack-container grid-plus-inner\"\n         data-ajax-url=\"https:\/\/gesport.unizar.es\/wp-admin\/admin-ajax.php\"\n         data-grid-id=\"5ef9fdc363fc6\"\n         data-current-category=\"15\"\n         data-section-id=\"69ee40de89f5d\"\n         data-gutter=\"0\"\n         data-columns=\"5\"\n         data-height-ratio=\"1\"\n         data-width-ratio=\"1\"\n         data-desktop-columns=\"5\"\n         data-tablet-columns=\"2\"\n         data-mobile-columns=\"1\"\n         data-layout-type=\"grid\"\n         data-fix-item-height=\"false\"\n         data-nonce=\"4740d52b40\"\n    >\n        \n        <div class=\"grid-stack grid-stack-5\" data-layout=\"grid\"\n             style=\"height: 540px\">\n        <\/div>\n        <div class=\"grid-items\">\n                            <div class=\"item\" data-gs-x=\"0\"\n                     data-gs-y=\"0\"\n                     data-gs-width=\"1\"\n                     data-gs-height=\"18\"\n                     data-skin=\"thumbnail-title-excerpt\"\n\n                     data-desktop-gs-x=\"0\"\n                     data-desktop-gs-y=\"0\"\n                     data-desktop-gs-width=\"1\"\n                     data-desktop-gs-height=\"18\"\n                     data-desktop-skin=\"thumbnail-title-excerpt\"\n\n                     data-image-width=\"400\"\n                     data-image-height=\"400\"\n                >\n                    <div class=\"grid-post-item thumbnail\" data-thumbnail-only=\"1\">\n    <div class=\"thumbnail-image\" data-img=\"https:\/\/gesport.unizar.es\/wp-content\/uploads\/2018\/12\/1.jpg\">\n                    <img src=\"https:\/\/gesport.unizar.es\/wp-content\/uploads\/2018\/12\/1.jpg\" alt=\"Aizpea de Atxa Cancel\" >\n                <div class=\"hover-outer transition-30\">\n                            <a href=\"https:\/\/gesport.unizar.es\/tr\/vive-y-deporte\/\" title=\"Aizpea de Atxa Cancel\"><\/a>\n                        <div class=\"hover-inner transition-50\">\n                                    <div class=\"title\">\n                                                    <a href=\"https:\/\/gesport.unizar.es\/tr\/vive-y-deporte\/\" title=\"Aizpea de Atxa Cancel\">Aizpea de Atxa Cancel<\/a>\n                                            <\/div>\n                                                    <div class=\"excerpt\">Vive y DEPORTE! Aizpea de Atxa Cancel Destaqu\u00e9 dos columnas principales en el programa, g\u00e9nero y deporte. Estaba claro que la forma del logo ten\u00eda que sugerir alg\u00fan movimiento de alguna actividad f\u00edsica y que, a la vez, esta figura tenia que ser neutra. As\u00ed nos encontrar\u00edamos frente a una PERSONA haciendo deporte, sin necesidad &hellip;<p class=\"read-more\"> <a class=\"\" href=\"https:\/\/gesport.unizar.es\/tr\/vive-y-deporte\/\"> <span class=\"screen-reader-text\">Aizpea de Atxa Cancel<\/span> Read More &raquo;<\/a><\/p><\/div>\n                            <\/div>\n        <\/div>\n    <\/div>\n<\/div>\n                <\/div>\n                                <div class=\"item\" data-gs-x=\"1\"\n                     data-gs-y=\"0\"\n                     data-gs-width=\"1\"\n                     data-gs-height=\"18\"\n                     data-skin=\"thumbnail-title-excerpt\"\n\n                     data-desktop-gs-x=\"1\"\n                     data-desktop-gs-y=\"0\"\n                     data-desktop-gs-width=\"1\"\n                     data-desktop-gs-height=\"18\"\n                     data-desktop-skin=\"thumbnail-title-excerpt\"\n\n                     data-image-width=\"400\"\n                     data-image-height=\"400\"\n                >\n                    <div class=\"grid-post-item thumbnail\" data-thumbnail-only=\"1\">\n    <div class=\"thumbnail-image\" data-img=\"https:\/\/gesport.unizar.es\/wp-content\/uploads\/2018\/12\/4.jpg\">\n                    <img src=\"https:\/\/gesport.unizar.es\/wp-content\/uploads\/2018\/12\/4.jpg\" alt=\"Maider Herr\u00e1n Masa\" >\n                <div class=\"hover-outer transition-30\">\n                            <a href=\"https:\/\/gesport.unizar.es\/tr\/maider-herran-masa\/\" title=\"Maider Herr\u00e1n Masa\"><\/a>\n                        <div class=\"hover-inner transition-50\">\n                                    <div class=\"title\">\n                                                    <a href=\"https:\/\/gesport.unizar.es\/tr\/maider-herran-masa\/\" title=\"Maider Herr\u00e1n Masa\">Maider Herr\u00e1n Masa<\/a>\n                                            <\/div>\n                                                    <div class=\"excerpt\">Maider Herr\u00e1n Masa El logotipo consta sobre la igualdad de g\u00e9neros en el deporte, por ello, los colores del arco\u00edris sin distinci\u00f3n alguna en cuanto a convenciones sociales. El logotipo es circular simulando movimiento y las bases de muchos deportes que se juegan con pelotas. Por otro lado, de manera abstracta, lo que he buscado &hellip;<p class=\"read-more\"> <a class=\"\" href=\"https:\/\/gesport.unizar.es\/tr\/maider-herran-masa\/\"> <span class=\"screen-reader-text\">Maider Herr\u00e1n Masa<\/span> Read More &raquo;<\/a><\/p><\/div>\n                            <\/div>\n        <\/div>\n    <\/div>\n<\/div>\n                <\/div>\n                                <div class=\"item\" data-gs-x=\"2\"\n                     data-gs-y=\"0\"\n                     data-gs-width=\"1\"\n                     data-gs-height=\"18\"\n                     data-skin=\"thumbnail-title-excerpt\"\n\n                     data-desktop-gs-x=\"2\"\n                     data-desktop-gs-y=\"0\"\n                     data-desktop-gs-width=\"1\"\n                     data-desktop-gs-height=\"18\"\n                     data-desktop-skin=\"thumbnail-title-excerpt\"\n\n                     data-image-width=\"400\"\n                     data-image-height=\"400\"\n                >\n                    <div class=\"grid-post-item thumbnail\" data-thumbnail-only=\"1\">\n    <div class=\"thumbnail-image\" data-img=\"https:\/\/gesport.unizar.es\/wp-content\/uploads\/2018\/12\/10.jpg\">\n                    <img src=\"https:\/\/gesport.unizar.es\/wp-content\/uploads\/2018\/12\/10.jpg\" alt=\"Francesca Becchetti\" >\n                <div class=\"hover-outer transition-30\">\n                            <a href=\"https:\/\/gesport.unizar.es\/tr\/francesca-becchetti\/\" title=\"Francesca Becchetti\"><\/a>\n                        <div class=\"hover-inner transition-50\">\n                                    <div class=\"title\">\n                                                    <a href=\"https:\/\/gesport.unizar.es\/tr\/francesca-becchetti\/\" title=\"Francesca Becchetti\">Francesca Becchetti<\/a>\n                                            <\/div>\n                                                    <div class=\"excerpt\">Francesca Becchetti<\/div>\n                            <\/div>\n        <\/div>\n    <\/div>\n<\/div>\n                <\/div>\n                                <div class=\"item\" data-gs-x=\"3\"\n                     data-gs-y=\"0\"\n                     data-gs-width=\"1\"\n                     data-gs-height=\"18\"\n                     data-skin=\"thumbnail-title-excerpt\"\n\n                     data-desktop-gs-x=\"3\"\n                     data-desktop-gs-y=\"0\"\n                     data-desktop-gs-width=\"1\"\n                     data-desktop-gs-height=\"18\"\n                     data-desktop-skin=\"thumbnail-title-excerpt\"\n\n                     data-image-width=\"400\"\n                     data-image-height=\"400\"\n                >\n                    <div class=\"grid-post-item thumbnail\" data-thumbnail-only=\"1\">\n    <div class=\"thumbnail-image\" data-img=\"https:\/\/gesport.unizar.es\/wp-content\/uploads\/2018\/12\/12.jpg\">\n                    <img src=\"https:\/\/gesport.unizar.es\/wp-content\/uploads\/2018\/12\/12.jpg\" alt=\"Victoria Cojocaru\" >\n                <div class=\"hover-outer transition-30\">\n                            <a href=\"https:\/\/gesport.unizar.es\/tr\/victoria-cojocaru\/\" title=\"Victoria Cojocaru\"><\/a>\n                        <div class=\"hover-inner transition-50\">\n                                    <div class=\"title\">\n                                                    <a href=\"https:\/\/gesport.unizar.es\/tr\/victoria-cojocaru\/\" title=\"Victoria Cojocaru\">Victoria Cojocaru<\/a>\n                                            <\/div>\n                                                    <div class=\"excerpt\">Victoria Cojocaru<\/div>\n                            <\/div>\n        <\/div>\n    <\/div>\n<\/div>\n                <\/div>\n                                <div class=\"item\" data-gs-x=\"4\"\n                     data-gs-y=\"0\"\n                     data-gs-width=\"1\"\n                     data-gs-height=\"18\"\n                     data-skin=\"thumbnail-title-excerpt\"\n\n                     data-desktop-gs-x=\"4\"\n                     data-desktop-gs-y=\"0\"\n                     data-desktop-gs-width=\"1\"\n                     data-desktop-gs-height=\"18\"\n                     data-desktop-skin=\"thumbnail-title-excerpt\"\n\n                     data-image-width=\"400\"\n                     data-image-height=\"400\"\n                >\n                    <div class=\"grid-post-item thumbnail\" data-thumbnail-only=\"1\">\n    <div class=\"thumbnail-image\" data-img=\"https:\/\/gesport.unizar.es\/wp-content\/uploads\/2018\/12\/15.jpg\">\n                    <img src=\"https:\/\/gesport.unizar.es\/wp-content\/uploads\/2018\/12\/15.jpg\" alt=\"Jaime Abal Ferreiro\" >\n                <div class=\"hover-outer transition-30\">\n                            <a href=\"https:\/\/gesport.unizar.es\/tr\/jaime-abal-ferreiro\/\" title=\"Jaime Abal Ferreiro\"><\/a>\n                        <div class=\"hover-inner transition-50\">\n                                    <div class=\"title\">\n                                                    <a href=\"https:\/\/gesport.unizar.es\/tr\/jaime-abal-ferreiro\/\" title=\"Jaime Abal Ferreiro\">Jaime Abal Ferreiro<\/a>\n                                            <\/div>\n                                                    <div class=\"excerpt\">Jaime Abal Ferreiro<\/div>\n                            <\/div>\n        <\/div>\n    <\/div>\n<\/div>\n                <\/div>\n                                <div class=\"item\" data-gs-x=\"0\"\n                     data-gs-y=\"18\"\n                     data-gs-width=\"1\"\n                     data-gs-height=\"18\"\n                     data-skin=\"thumbnail-title-excerpt\"\n\n                     data-desktop-gs-x=\"0\"\n                     data-desktop-gs-y=\"18\"\n                     data-desktop-gs-width=\"1\"\n                     data-desktop-gs-height=\"18\"\n                     data-desktop-skin=\"thumbnail-title-excerpt\"\n\n                     data-image-width=\"400\"\n                     data-image-height=\"400\"\n                >\n                    <div class=\"grid-post-item thumbnail\" data-thumbnail-only=\"1\">\n    <div class=\"thumbnail-image\" data-img=\"https:\/\/gesport.unizar.es\/wp-content\/uploads\/2018\/12\/16.jpg\">\n                    <img src=\"https:\/\/gesport.unizar.es\/wp-content\/uploads\/2018\/12\/16.jpg\" alt=\"Patrick Dellacasa\" >\n                <div class=\"hover-outer transition-30\">\n                            <a href=\"https:\/\/gesport.unizar.es\/tr\/patrick-dellacasa\/\" title=\"Patrick Dellacasa\"><\/a>\n                        <div class=\"hover-inner transition-50\">\n                                    <div class=\"title\">\n                                                    <a href=\"https:\/\/gesport.unizar.es\/tr\/patrick-dellacasa\/\" title=\"Patrick Dellacasa\">Patrick Dellacasa<\/a>\n                                            <\/div>\n                                                    <div class=\"excerpt\">Patrick Dellacasa<\/div>\n                            <\/div>\n        <\/div>\n    <\/div>\n<\/div>\n                <\/div>\n                                <div class=\"item\" data-gs-x=\"1\"\n                     data-gs-y=\"18\"\n                     data-gs-width=\"1\"\n                     data-gs-height=\"18\"\n                     data-skin=\"thumbnail-title-excerpt\"\n\n                     data-desktop-gs-x=\"1\"\n                     data-desktop-gs-y=\"18\"\n                     data-desktop-gs-width=\"1\"\n                     data-desktop-gs-height=\"18\"\n                     data-desktop-skin=\"thumbnail-title-excerpt\"\n\n                     data-image-width=\"400\"\n                     data-image-height=\"400\"\n                >\n                    <div class=\"grid-post-item thumbnail\" data-thumbnail-only=\"1\">\n    <div class=\"thumbnail-image\" data-img=\"https:\/\/gesport.unizar.es\/wp-content\/uploads\/2018\/12\/17.jpg\">\n                    <img src=\"https:\/\/gesport.unizar.es\/wp-content\/uploads\/2018\/12\/17.jpg\" alt=\"Elena Zeziola\" >\n                <div class=\"hover-outer transition-30\">\n                            <a href=\"https:\/\/gesport.unizar.es\/tr\/elena-zeziola\/\" title=\"Elena Zeziola\"><\/a>\n                        <div class=\"hover-inner transition-50\">\n                                    <div class=\"title\">\n                                                    <a href=\"https:\/\/gesport.unizar.es\/tr\/elena-zeziola\/\" title=\"Elena Zeziola\">Elena Zeziola<\/a>\n                                            <\/div>\n                                                    <div class=\"excerpt\">Punti chiave di cui il mio progetto tiene conto:\u2028- tema della parit\u00e0 di genere nell\u2019organizzazione delle attivit\u00e0 sportive e nelle attivit\u00e0 sportive stesse;\u2028- particolare attenzione della Gesport verso le attivit\u00e0 sportive in acqua. Ho realizzato un logo dalla forma circolare (forma che pi\u00f9 richiama equilibrio e armonia) dove i cerchi dei simboli maschile e femminile &hellip;<p class=\"read-more\"> <a class=\"\" href=\"https:\/\/gesport.unizar.es\/tr\/elena-zeziola\/\"> <span class=\"screen-reader-text\">Elena Zeziola<\/span> Read More &raquo;<\/a><\/p><\/div>\n                            <\/div>\n        <\/div>\n    <\/div>\n<\/div>\n                <\/div>\n                                <div class=\"item\" data-gs-x=\"2\"\n                     data-gs-y=\"18\"\n                     data-gs-width=\"1\"\n                     data-gs-height=\"18\"\n                     data-skin=\"thumbnail-title-excerpt\"\n\n                     data-desktop-gs-x=\"2\"\n                     data-desktop-gs-y=\"18\"\n                     data-desktop-gs-width=\"1\"\n                     data-desktop-gs-height=\"18\"\n                     data-desktop-skin=\"thumbnail-title-excerpt\"\n\n                     data-image-width=\"400\"\n                     data-image-height=\"400\"\n                >\n                    <div class=\"grid-post-item thumbnail\" data-thumbnail-only=\"1\">\n    <div class=\"thumbnail-image\" data-img=\"https:\/\/gesport.unizar.es\/wp-content\/uploads\/2018\/12\/18.jpg\">\n                    <img src=\"https:\/\/gesport.unizar.es\/wp-content\/uploads\/2018\/12\/18.jpg\" alt=\"Sarah Perna\" >\n                <div class=\"hover-outer transition-30\">\n                            <a href=\"https:\/\/gesport.unizar.es\/tr\/sarah-perna\/\" title=\"Sarah Perna\"><\/a>\n                        <div class=\"hover-inner transition-50\">\n                                    <div class=\"title\">\n                                                    <a href=\"https:\/\/gesport.unizar.es\/tr\/sarah-perna\/\" title=\"Sarah Perna\">Sarah Perna<\/a>\n                                            <\/div>\n                                                    <div class=\"excerpt\">Sarah Perna &nbsp;<\/div>\n                            <\/div>\n        <\/div>\n    <\/div>\n<\/div>\n                <\/div>\n                                <div class=\"item\" data-gs-x=\"3\"\n                     data-gs-y=\"18\"\n                     data-gs-width=\"1\"\n                     data-gs-height=\"18\"\n                     data-skin=\"thumbnail-title-excerpt\"\n\n                     data-desktop-gs-x=\"3\"\n                     data-desktop-gs-y=\"18\"\n                     data-desktop-gs-width=\"1\"\n                     data-desktop-gs-height=\"18\"\n                     data-desktop-skin=\"thumbnail-title-excerpt\"\n\n                     data-image-width=\"400\"\n                     data-image-height=\"400\"\n                >\n                    <div class=\"grid-post-item thumbnail\" data-thumbnail-only=\"1\">\n    <div class=\"thumbnail-image\" data-img=\"https:\/\/gesport.unizar.es\/wp-content\/uploads\/2018\/12\/21.jpg\">\n                    <img src=\"https:\/\/gesport.unizar.es\/wp-content\/uploads\/2018\/12\/21.jpg\" alt=\"Silvia Romero Higuera\" >\n                <div class=\"hover-outer transition-30\">\n                            <a href=\"https:\/\/gesport.unizar.es\/tr\/silvia-romero-higuera\/\" title=\"Silvia Romero Higuera\"><\/a>\n                        <div class=\"hover-inner transition-50\">\n                                    <div class=\"title\">\n                                                    <a href=\"https:\/\/gesport.unizar.es\/tr\/silvia-romero-higuera\/\" title=\"Silvia Romero Higuera\">Silvia Romero Higuera<\/a>\n                                            <\/div>\n                                                    <div class=\"excerpt\">Silvia Romero Higuera<\/div>\n                            <\/div>\n        <\/div>\n    <\/div>\n<\/div>\n                <\/div>\n                                <div class=\"item\" data-gs-x=\"4\"\n                     data-gs-y=\"18\"\n                     data-gs-width=\"1\"\n                     data-gs-height=\"18\"\n                     data-skin=\"thumbnail-title-excerpt\"\n\n                     data-desktop-gs-x=\"4\"\n                     data-desktop-gs-y=\"18\"\n                     data-desktop-gs-width=\"1\"\n                     data-desktop-gs-height=\"18\"\n                     data-desktop-skin=\"thumbnail-title-excerpt\"\n\n                     data-image-width=\"400\"\n                     data-image-height=\"400\"\n                >\n                    <div class=\"grid-post-item thumbnail\" data-thumbnail-only=\"1\">\n    <div class=\"thumbnail-image\" data-img=\"https:\/\/gesport.unizar.es\/wp-content\/uploads\/2018\/12\/24.jpg\">\n                    <img src=\"https:\/\/gesport.unizar.es\/wp-content\/uploads\/2018\/12\/24.jpg\" alt=\"Ailis Cross-Gorman\" >\n                <div class=\"hover-outer transition-30\">\n                            <a href=\"https:\/\/gesport.unizar.es\/tr\/ailis-cross-gorman\/\" title=\"Ailis Cross-Gorman\"><\/a>\n                        <div class=\"hover-inner transition-50\">\n                                    <div class=\"title\">\n                                                    <a href=\"https:\/\/gesport.unizar.es\/tr\/ailis-cross-gorman\/\" title=\"Ailis Cross-Gorman\">Ailis Cross-Gorman<\/a>\n                                            <\/div>\n                                                    <div class=\"excerpt\">Ailis Cross-Gorman<\/div>\n                            <\/div>\n        <\/div>\n    <\/div>\n<\/div>\n                <\/div>\n                                <div class=\"item\" data-gs-x=\"0\"\n                     data-gs-y=\"36\"\n                     data-gs-width=\"1\"\n                     data-gs-height=\"18\"\n                     data-skin=\"thumbnail-title-excerpt\"\n\n                     data-desktop-gs-x=\"0\"\n                     data-desktop-gs-y=\"36\"\n                     data-desktop-gs-width=\"1\"\n                     data-desktop-gs-height=\"18\"\n                     data-desktop-skin=\"thumbnail-title-excerpt\"\n\n                     data-image-width=\"400\"\n                     data-image-height=\"400\"\n                >\n                    <div class=\"grid-post-item thumbnail\" data-thumbnail-only=\"1\">\n    <div class=\"thumbnail-image\" data-img=\"https:\/\/gesport.unizar.es\/wp-content\/uploads\/2018\/12\/36.jpg\">\n                    <img src=\"https:\/\/gesport.unizar.es\/wp-content\/uploads\/2018\/12\/36.jpg\" alt=\"Simone Cossu\" >\n                <div class=\"hover-outer transition-30\">\n                            <a href=\"https:\/\/gesport.unizar.es\/tr\/simone-cossu\/\" title=\"Simone Cossu\"><\/a>\n                        <div class=\"hover-inner transition-50\">\n                                    <div class=\"title\">\n                                                    <a href=\"https:\/\/gesport.unizar.es\/tr\/simone-cossu\/\" title=\"Simone Cossu\">Simone Cossu<\/a>\n                                            <\/div>\n                                                    <div class=\"excerpt\">Simone Cossu<\/div>\n                            <\/div>\n        <\/div>\n    <\/div>\n<\/div>\n                <\/div>\n                                <div class=\"item\" data-gs-x=\"1\"\n                     data-gs-y=\"36\"\n                     data-gs-width=\"1\"\n                     data-gs-height=\"18\"\n                     data-skin=\"thumbnail-title-excerpt\"\n\n                     data-desktop-gs-x=\"1\"\n                     data-desktop-gs-y=\"36\"\n                     data-desktop-gs-width=\"1\"\n                     data-desktop-gs-height=\"18\"\n                     data-desktop-skin=\"thumbnail-title-excerpt\"\n\n                     data-image-width=\"400\"\n                     data-image-height=\"400\"\n                >\n                    <div class=\"grid-post-item thumbnail\" data-thumbnail-only=\"1\">\n    <div class=\"thumbnail-image\" data-img=\"https:\/\/gesport.unizar.es\/wp-content\/uploads\/2018\/12\/39.jpg\">\n                    <img src=\"https:\/\/gesport.unizar.es\/wp-content\/uploads\/2018\/12\/39.jpg\" alt=\"Glauce Fernandes Ribeiro\" >\n                <div class=\"hover-outer transition-30\">\n                            <a href=\"https:\/\/gesport.unizar.es\/tr\/glauce-fernandes-ribeiro\/\" title=\"Glauce Fernandes Ribeiro\"><\/a>\n                        <div class=\"hover-inner transition-50\">\n                                    <div class=\"title\">\n                                                    <a href=\"https:\/\/gesport.unizar.es\/tr\/glauce-fernandes-ribeiro\/\" title=\"Glauce Fernandes Ribeiro\">Glauce Fernandes Ribeiro<\/a>\n                                            <\/div>\n                                                    <div class=\"excerpt\">Glauce Fernandes Ribeiro<\/div>\n                            <\/div>\n        <\/div>\n    <\/div>\n<\/div>\n                <\/div>\n                                <div class=\"item\" data-gs-x=\"2\"\n                     data-gs-y=\"36\"\n                     data-gs-width=\"1\"\n                     data-gs-height=\"18\"\n                     data-skin=\"thumbnail-title-excerpt\"\n\n                     data-desktop-gs-x=\"2\"\n                     data-desktop-gs-y=\"36\"\n                     data-desktop-gs-width=\"1\"\n                     data-desktop-gs-height=\"18\"\n                     data-desktop-skin=\"thumbnail-title-excerpt\"\n\n                     data-image-width=\"400\"\n                     data-image-height=\"400\"\n                >\n                    <div class=\"grid-post-item thumbnail\" data-thumbnail-only=\"1\">\n    <div class=\"thumbnail-image\" data-img=\"https:\/\/gesport.unizar.es\/wp-content\/uploads\/2018\/12\/48.jpg\">\n                    <img src=\"https:\/\/gesport.unizar.es\/wp-content\/uploads\/2018\/12\/48.jpg\" alt=\"Marianne Victoria Hern\u00e1ndez Hern\u00e1ndez\" >\n                <div class=\"hover-outer transition-30\">\n                            <a href=\"https:\/\/gesport.unizar.es\/tr\/marianne-victoria-hernandez-hernandez\/\" title=\"Marianne Victoria Hern\u00e1ndez Hern\u00e1ndez\"><\/a>\n                        <div class=\"hover-inner transition-50\">\n                                    <div class=\"title\">\n                                                    <a href=\"https:\/\/gesport.unizar.es\/tr\/marianne-victoria-hernandez-hernandez\/\" title=\"Marianne Victoria Hern\u00e1ndez Hern\u00e1ndez\">Marianne Victoria Hern\u00e1ndez Hern\u00e1ndez<\/a>\n                                            <\/div>\n                                                    <div class=\"excerpt\">Marianne Victoria Hern\u00e1ndez Hern\u00e1ndez<\/div>\n                            <\/div>\n        <\/div>\n    <\/div>\n<\/div>\n                <\/div>\n                        <\/div>\n\n            <\/div>\n<\/div>\n\n\n\n\n<h1><strong>J\u00dcR\u0130 TUTANAKLARI<\/strong><\/h1>\n\n\n\n<p>\u201cSPOR ORGAN\u0130ZASYONLARINDA KURUMSAL Y\u00d6NET\u0130\u015e\u0130M: B\u0130R C\u0130NS\u0130YET YAKLA\u015eIMI (GESPORT)\u201d projesinin logo tasar\u0131m\u0131 i\u00e7in uluslararas\u0131 yar\u0131\u015fman\u0131n tamamlanmas\u0131<\/p>\n\n\n\n<p>GESPORT projesi i\u00e7in uluslararas\u0131 logo tasar\u0131m\u0131 yar\u0131\u015fmas\u0131n\u0131n j\u00fcrisi a\u015fa\u011f\u0131daki karara varm\u0131\u015ft\u0131r.<\/p>\n\n\n\n<p>Proje ekibi, yar\u0131\u015fmaya g\u00f6nderilen 49 logo aras\u0131ndan j\u00fcri taraf\u0131ndan daha \u00f6nce belirlenen 8 finalist logodan birine oy vermek i\u00e7in kullan\u0131lan t\u00fcm e-postalar\u0131 do\u011frulam\u0131\u015ft\u0131r. Bu nedenle 8 Haziran 2018 tarihinde saat 13:00&#8217;te yap\u0131lan sanal toplant\u0131da, projenin koordinat\u00f6r\u00fc Zaragoza \u00dcniversitesi&#8217;nden (\u0130spanya) Dr. Luisa Esteban taraf\u0131ndan temsil edilen j\u00fcri \u00fcyeleri ve kat\u0131l\u0131mc\u0131 \u00fcniversitelerin temsilcileri, Teramo \u00dcniversitesi&#8217;nden (\u0130talya) Dr. Tiziana Di Cimbrini, Minho \u00dcniversitesi&#8217;nden (Portekiz) Dr. Emilia Fernandes, Sakarya \u00dcniversitesi&#8217;nden (T\u00fcrkiye) Dr. Gonca G\u00fcng\u00f6r G\u00f6ksu ve Leicester \u00dcniversitesi&#8217;nden (Birle\u015fik Krall\u0131k) Dr. Charlotte VL Smith oybirli\u011fiyle a\u015fa\u011f\u0131daki \u00f6d\u00fcllerin verilmesine karar vermi\u015ftir.<\/p>\n\n\n\n<p><strong>B\u0130R\u0130NC\u0130L\u0130K \u00d6D\u00dcL\u00dc<\/strong>: 600\u20ac de\u011ferindedir ve EHU Bask \u00dcniversitesi (\u0130spanya), G\u00fczel Sanatlar Fak\u00fcltesi \u00f6\u011frencisi Maider Herr\u00e1n Masa&#8217;n\u0131n 2 numaral\u0131 logosuna takdim edilmi\u015ftir.&nbsp;<\/p>\n\n\n\n<p><strong>\u0130K\u0130NC\u0130 \u00d6D\u00dcL<\/strong>: 350\u20ac&nbsp; de\u011ferindedir ve Sacred Heart Katolik \u00dcniversitesi (\u0130talya), 6. s\u0131n\u0131f \u00f6\u011frencisi Elena Zeziola&#8217;n\u0131n 6 numaral\u0131 logosuna takdim edilmi\u015ftir.&nbsp;<\/p>\n\n\n\n<p><strong>\u00dc\u00c7\u00dcNC\u00dc \u00d6D\u00dcL<\/strong>: 150\u20ac de\u011ferindedir ve Belli Arti Akademisi (\u0130talya), Pietro Vannucci, Perugia \u00f6\u011frencisi Sarah Perna&#8217;n\u0131n 7 numaral\u0131 logosuna takdim edilmi\u015ftir.<\/p>\n\n\n\n<p>Ayr\u0131ca, yar\u0131\u015fman\u0131n 8 finalist logosu ve se\u00e7ilen 5 logo, projenin uluslararas\u0131 konferans\u0131nda elektronik katalo\u011fun ve serginin birer par\u00e7as\u0131 olmu\u015flard\u0131r.<\/p>\n\n\n\n<ul><li>Aizpea de Atxa | Universidad del Pa\u00eds Vasco (\u0130spanya)<\/li><li>Francesca Becchetti | Accademia di Belle Arti Pietro Vannucci (\u0130talya)<\/li><li>Victoria Cojocaru | Accademia di Belle Arti Reggio Calabria (\u0130talya)<\/li><li>Jaime Abal Ferreiro | Universidad del Pa\u00eds Vasco(\u0130spanya)<\/li><li>Patrick Dellacasa | Loughborough \u00dcniversitesi (Birle\u015fik Krall\u0131k)<\/li><li>Silvia Romero | CIS Consultor\u00eda e Integraci\u00f3n de Sistemas(\u0130spanya)<\/li><li>Ailis Cross-Gorman | Aberystwyth University (Birle\u015fik Krall\u0131k)<\/li><li>Simone Cossu | Accademia di Belle Arti di Bologna (\u0130talya)<\/li><li>Glauce Fernandes Ribeiro | CIS Consultor\u00eda e Integraci\u00f3n de Sistemas (\u0130spanya)<\/li><li>Marianne Victoria Hern\u00e1ndez | Universidad de La Laguna (\u0130spanya)<\/li><\/ul>\n\n\n\n<p>J\u00fcri, 49 adaya ve t\u00fcm oy kullananlara kat\u0131l\u0131mlar\u0131 i\u00e7in te\u015fekk\u00fcr etmektedir.<\/p>\n\n\n\n<p>Logo yar\u0131\u015fmas\u0131 ve sergisiyle ilgili bas\u0131nda \u00e7\u0131kan \u00fc\u00e7 haber:<\/p>\n\n\n\n<p>\u201cUna p\u00e1gina web y un logo su para dar la mayor difusi\u00f3n al trabajo\u201d (<a href=\"https:\/\/gesport.unizar.es\/es\/a-web-page-and-a-logo-to-give-the-greatest-diffusion-to-work\/\">\u00c7al\u0131\u015fmay\u0131 olabildi\u011fince geni\u015f bir alana yaymak i\u00e7in bir web sayfas\u0131 ve logo<\/a>) (Diario de Teruel, 13 A\u011fustos 2018)<\/p>\n\n\n\n<p>\u201c\u00daltima fase para la elecci\u00f3n del logo del proyecto europeo GESPORT\u201d(<a href=\"https:\/\/gesport.unizar.es\/es\/last-phase-for-the-election-of-the-logo-of-the-european-project-gesport\/\">Avrupa GEPSORT projesinin logosunun se\u00e7ilmesi i\u00e7in son a\u015fama<\/a>) (Diario de Teruel, 22 May\u0131s 2018).<\/p>\n\n\n\n<p>\u201cLa UVT revisa todos los \u00e1mbitos del deporte desde una perspectiva de g\u00e9nero&#8221;<\/p>\n\n\n\n<p>&#8220;Exhibici\u00f3n de los logos que entraron a concurso&#8221; (<a href=\"https:\/\/gesport.unizar.es\/es\/the-uvt-reviews-all-areas-of-the-sport-from-a-gender-perspective\/\">Yar\u0131\u015fmaya kat\u0131lan logolar\u0131n sergilenmesi<\/a>) (Diario de Teruel, 11 Eyl\u00fcl 2020).<\/p>\n","protected":false},"excerpt":{"rendered":"<p>GESPORT projesini temsil etmeyi ama\u00e7layan logo, spor organizasyonlar\u0131n\u0131n y\u00f6netim organlar\u0131nda cinsiyet e\u015fitli\u011fini te\u015fvik etmeyi ama\u00e7l\u0131yor. Temel ama\u00e7, gen\u00e7 \u00f6\u011frencileri sporun karar alma organlar\u0131nda toplumsal cinsiyet konusunda duyarl\u0131 k\u0131lmak ve d\u00fc\u015f\u00fcnd\u00fcrmektir. Proje logosu, uluslararas\u0131 bir yar\u0131\u015fma sonucunda se\u00e7ilmi\u015ftir. Kat\u0131l\u0131mc\u0131lar, projeye kat\u0131lan t\u00fcm \u00fclkelerdeki \u00fcniversitelerin g\u00fczel sanatlar fak\u00fclteleri, e\u011fitim fak\u00fclteleri ve y\u00fcksekokullar\u0131ndan \u00f6\u011frencilerdir. Logo yar\u0131\u015fmas\u0131na toplam 49 &hellip;<\/p>\n<p class=\"read-more\"> <a class=\"\" href=\"https:\/\/gesport.unizar.es\/tr\/marianne-victoria-hernandez-hernandez\/\"> <span class=\"screen-reader-text\">Marianne Victoria Hern\u00e1ndez Hern\u00e1ndez<\/span> Read More &raquo;<\/a><\/p>\n","protected":false},"author":3,"featured_media":0,"parent":0,"menu_order":0,"comment_status":"closed","ping_status":"closed","template":"","meta":{"site-sidebar-layout":"default","site-content-layout":"default","ast-global-header-display":"","ast-main-header-display":"","ast-hfb-above-header-display":"","ast-hfb-below-header-display":"","ast-hfb-mobile-header-display":"","site-post-title":"","ast-breadcrumbs-content":"","ast-featured-img":"","footer-sml-layout":"","theme-transparent-header-meta":"","adv-header-id-meta":"","stick-header-meta":"","header-above-stick-meta":"","header-main-stick-meta":"","header-below-stick-meta":""},"translation":{"provider":"WPGlobus","version":"2.10.4","language":"tr","enabled_languages":["gb","es","tr","it","pt"],"languages":{"gb":{"title":true,"content":true,"excerpt":false},"es":{"title":true,"content":true,"excerpt":false},"tr":{"title":true,"content":true,"excerpt":false},"it":{"title":true,"content":true,"excerpt":false},"pt":{"title":true,"content":true,"excerpt":false}}},"yoast_head":"<!-- This site is optimized with the Yoast SEO plugin v19.7.1 - https:\/\/yoast.com\/wordpress\/plugins\/seo\/ -->\n<title>LOGO - GESPORT+<\/title>\n<meta name=\"robots\" content=\"index, follow, max-snippet:-1, max-image-preview:large, max-video-preview:-1\" \/>\n<link rel=\"canonical\" href=\"https:\/\/gesport.unizar.es\/logo\/\" \/>\n<meta property=\"og:locale\" content=\"tr_TR\" \/>\n<meta property=\"og:type\" content=\"article\" \/>\n<meta property=\"og:title\" content=\"LOGO - GESPORT+\" \/>\n<meta property=\"og:url\" content=\"https:\/\/gesport.unizar.es\/logo\/\" \/>\n<meta property=\"og:site_name\" content=\"GESPORT+\" \/>\n<meta property=\"article:modified_time\" content=\"2022-09-14T12:03:18+00:00\" \/>\n<meta property=\"og:image\" content=\"http:\/\/gesport.unizar.es\/wp-content\/uploads\/2018\/06\/podium-gesport.png\" \/>\n<meta name=\"twitter:card\" content=\"summary_large_image\" \/>\n<meta name=\"twitter:label1\" content=\"Est. reading time\" \/>\n\t<meta name=\"twitter:data1\" content=\"4 minutes\" \/>\n<script type=\"application\/ld+json\" class=\"yoast-schema-graph\">{\"@context\":\"https:\/\/schema.org\",\"@graph\":[{\"@type\":\"WebPage\",\"@id\":\"https:\/\/gesport.unizar.es\/logo\/\",\"url\":\"https:\/\/gesport.unizar.es\/logo\/\",\"name\":\"LOGO - GESPORT+\",\"isPartOf\":{\"@id\":\"https:\/\/gesport.unizar.es\/#website\"},\"datePublished\":\"2021-11-17T09:46:26+00:00\",\"dateModified\":\"2022-09-14T12:03:18+00:00\",\"breadcrumb\":{\"@id\":\"https:\/\/gesport.unizar.es\/logo\/#breadcrumb\"},\"inLanguage\":\"tr-TR\",\"potentialAction\":[{\"@type\":\"ReadAction\",\"target\":[\"https:\/\/gesport.unizar.es\/logo\/\"]}]},{\"@type\":\"BreadcrumbList\",\"@id\":\"https:\/\/gesport.unizar.es\/logo\/#breadcrumb\",\"itemListElement\":[{\"@type\":\"ListItem\",\"position\":1,\"name\":\"Portada\",\"item\":\"https:\/\/gesport.unizar.es\/\"},{\"@type\":\"ListItem\",\"position\":2,\"name\":\"LOGO: Dise\u00f1o y producci\u00f3n del logo del proyecto\ufffc\ufffc\"}]},{\"@type\":\"WebSite\",\"@id\":\"https:\/\/gesport.unizar.es\/#website\",\"url\":\"https:\/\/gesport.unizar.es\/\",\"name\":\"GESPORT+\",\"description\":\"Corporate governance in sport organizations:  a gendered approach\",\"publisher\":{\"@id\":\"https:\/\/gesport.unizar.es\/#organization\"},\"potentialAction\":[{\"@type\":\"SearchAction\",\"target\":{\"@type\":\"EntryPoint\",\"urlTemplate\":\"https:\/\/gesport.unizar.es\/?s={search_term_string}\"},\"query-input\":\"required name=search_term_string\"}],\"inLanguage\":\"tr-TR\"},{\"@type\":\"Organization\",\"@id\":\"https:\/\/gesport.unizar.es\/#organization\",\"name\":\"GESPORT Erasmus+\",\"url\":\"https:\/\/gesport.unizar.es\/\",\"sameAs\":[],\"logo\":{\"@type\":\"ImageObject\",\"inLanguage\":\"tr-TR\",\"@id\":\"https:\/\/gesport.unizar.es\/#\/schema\/logo\/image\/\",\"url\":\"http:\/\/gesport.unizar.es\/wp-content\/uploads\/2018\/12\/4.jpg\",\"contentUrl\":\"http:\/\/gesport.unizar.es\/wp-content\/uploads\/2018\/12\/4.jpg\",\"width\":400,\"height\":400,\"caption\":\"GESPORT Erasmus+\"},\"image\":{\"@id\":\"https:\/\/gesport.unizar.es\/#\/schema\/logo\/image\/\"}}]}<\/script>\n<!-- \/ Yoast SEO plugin. -->","yoast_head_json":{"title":"LOGO - GESPORT+","robots":{"index":"index","follow":"follow","max-snippet":"max-snippet:-1","max-image-preview":"max-image-preview:large","max-video-preview":"max-video-preview:-1"},"canonical":"https:\/\/gesport.unizar.es\/logo\/","og_locale":"tr_TR","og_type":"article","og_title":"LOGO - GESPORT+","og_url":"https:\/\/gesport.unizar.es\/logo\/","og_site_name":"GESPORT+","article_modified_time":"2022-09-14T12:03:18+00:00","og_image":[{"url":"http:\/\/gesport.unizar.es\/wp-content\/uploads\/2018\/06\/podium-gesport.png"}],"twitter_card":"summary_large_image","twitter_misc":{"Est. reading time":"4 minutes"},"schema":{"@context":"https:\/\/schema.org","@graph":[{"@type":"WebPage","@id":"https:\/\/gesport.unizar.es\/logo\/","url":"https:\/\/gesport.unizar.es\/logo\/","name":"LOGO - GESPORT+","isPartOf":{"@id":"https:\/\/gesport.unizar.es\/#website"},"datePublished":"2021-11-17T09:46:26+00:00","dateModified":"2022-09-14T12:03:18+00:00","breadcrumb":{"@id":"https:\/\/gesport.unizar.es\/logo\/#breadcrumb"},"inLanguage":"tr-TR","potentialAction":[{"@type":"ReadAction","target":["https:\/\/gesport.unizar.es\/logo\/"]}]},{"@type":"BreadcrumbList","@id":"https:\/\/gesport.unizar.es\/logo\/#breadcrumb","itemListElement":[{"@type":"ListItem","position":1,"name":"Portada","item":"https:\/\/gesport.unizar.es\/"},{"@type":"ListItem","position":2,"name":"LOGO: Dise\u00f1o y producci\u00f3n del logo del proyecto\ufffc\ufffc"}]},{"@type":"WebSite","@id":"https:\/\/gesport.unizar.es\/#website","url":"https:\/\/gesport.unizar.es\/","name":"GESPORT+","description":"Corporate governance in sport organizations:  a gendered approach","publisher":{"@id":"https:\/\/gesport.unizar.es\/#organization"},"potentialAction":[{"@type":"SearchAction","target":{"@type":"EntryPoint","urlTemplate":"https:\/\/gesport.unizar.es\/?s={search_term_string}"},"query-input":"required name=search_term_string"}],"inLanguage":"tr-TR"},{"@type":"Organization","@id":"https:\/\/gesport.unizar.es\/#organization","name":"GESPORT Erasmus+","url":"https:\/\/gesport.unizar.es\/","sameAs":[],"logo":{"@type":"ImageObject","inLanguage":"tr-TR","@id":"https:\/\/gesport.unizar.es\/#\/schema\/logo\/image\/","url":"http:\/\/gesport.unizar.es\/wp-content\/uploads\/2018\/12\/4.jpg","contentUrl":"http:\/\/gesport.unizar.es\/wp-content\/uploads\/2018\/12\/4.jpg","width":400,"height":400,"caption":"GESPORT Erasmus+"},"image":{"@id":"https:\/\/gesport.unizar.es\/#\/schema\/logo\/image\/"}}]}},"_links":{"self":[{"href":"https:\/\/gesport.unizar.es\/tr\/wp-json\/wp\/v2\/pages\/6503"}],"collection":[{"href":"https:\/\/gesport.unizar.es\/tr\/wp-json\/wp\/v2\/pages"}],"about":[{"href":"https:\/\/gesport.unizar.es\/tr\/wp-json\/wp\/v2\/types\/page"}],"author":[{"embeddable":true,"href":"https:\/\/gesport.unizar.es\/tr\/wp-json\/wp\/v2\/users\/3"}],"replies":[{"embeddable":true,"href":"https:\/\/gesport.unizar.es\/tr\/wp-json\/wp\/v2\/comments?post=6503"}],"version-history":[{"count":55,"href":"https:\/\/gesport.unizar.es\/tr\/wp-json\/wp\/v2\/pages\/6503\/revisions"}],"predecessor-version":[{"id":9058,"href":"https:\/\/gesport.unizar.es\/tr\/wp-json\/wp\/v2\/pages\/6503\/revisions\/9058"}],"wp:attachment":[{"href":"https:\/\/gesport.unizar.es\/tr\/wp-json\/wp\/v2\/media?parent=6503"}],"curies":[{"name":"wp","href":"https:\/\/api.w.org\/{rel}","templated":true}]}}