{"id":6425,"date":"2021-10-25T10:58:47","date_gmt":"2021-10-25T10:58:47","guid":{"rendered":"https:\/\/gesport.unizar.es\/?page_id=6425"},"modified":"2023-06-26T02:03:33","modified_gmt":"2023-06-26T02:03:33","slug":"database","status":"publish","type":"page","link":"https:\/\/gesport.unizar.es\/tr\/database\/","title":{"rendered":"Veritaban\u0131: Be\u015f \u00fclkenin USF&#8217;lerinde spor kurullar\u0131nda kad\u0131nlar: \u0130talya, Portekiz, \u0130spanya ve T\u00fcrkiye ve Birle\u015fik Krall\u0131k\ufffc"},"content":{"rendered":"\n<p>GESPORT projesinin ortak \u00fclkelerindeki spor organizasyonlar\u0131n\u0131n kurumsal y\u00f6netimindeki kad\u0131nlar\u0131n rollerinin anla\u015f\u0131lmas\u0131n\u0131 art\u0131rmak i\u00e7in hem 2018&#8217;in birinci yar\u0131y\u0131l\u0131nda hem de 2022&#8217;nin ilk \u00e7eyre\u011finde kad\u0131nlar\u0131n USF\u2019lerin kurullar\u0131na kat\u0131l\u0131m\u0131 hakk\u0131nda veri toplad\u0131k. Spor organizasyonlar\u0131 \u00fczerine ara\u015ft\u0131rma, USF&#8217;lerin sosyal ve ekonomik zorluklar\u0131n\u0131 ele almak i\u00e7in kullan\u0131labilecek bilgilerin \u00fcretilmesine imkan sa\u011flamaktad\u0131r. Verilere be\u015f \u00fclkedeki USF&#8217;lerin resmi web sitelerinden eri\u015filmi\u015ftir. \u0130lgili veri taban\u0131, 2018 i\u00e7in 297 USF&#8217;nin ve 2022 i\u00e7in 299 USF&#8217;nin web sitelerinde toplanan bilgileri kapsamaktad\u0131r. &nbsp;<\/p>\n\n\n\n<p>Veri taban\u0131n\u0131 olu\u015ftururken ve veriler kar\u015f\u0131la\u015ft\u0131r\u0131l\u0131rken, t\u00fcm \u00fclkelerde USF\u2019lerin kurulu\u015f y\u0131l\u0131, y\u00f6netim kurulunun bile\u015fimi, toplam y\u00f6netim kurulu \u00fcyesi say\u0131s\u0131, kad\u0131n y\u00f6netici say\u0131s\u0131 ve y\u00fczdesi, ba\u015fkan\u0131n cinsiyeti ya da cinsiyete g\u00f6re farkl\u0131la\u015fan ba\u015fkan yard\u0131mc\u0131s\u0131 pozisyonlar\u0131n\u0131n say\u0131s\u0131 gibi de\u011fi\u015fkenler hakk\u0131nda kar\u015f\u0131la\u015ft\u0131r\u0131labilir bilgiler oldu\u011funu g\u00f6zlemledik. B\u00f6ylece, bu g\u00f6zlemler gelecekteki ara\u015ft\u0131rmam\u0131zda be\u015f \u00fclkedeki USF&#8217;lerin analizini kolayla\u015ft\u0131rm\u0131\u015ft\u0131r. Bilgilerin homojen oldu\u011fu g\u00f6z \u00f6n\u00fcne al\u0131nd\u0131\u011f\u0131nda, verileri kullanarak Zenodo deposunda iki veri taban\u0131 olu\u015fturduk ve iki bilimsel dergide incelenen iki bilimsel makale yazd\u0131k. Veri tabanlar\u0131n\u0131n \u00f6n bask\u0131 s\u00fcr\u00fcmleri a\u00e7\u0131k eri\u015fimdir:<\/p>\n\n\n\n<p>Veri tabanlar\u0131n\u0131n \u00f6n bask\u0131 s\u00fcr\u00fcmleri a\u00e7\u0131k eri\u015fimdir:<\/p>\n\n\n\n<h3 class=\"has-medium-font-size\"><strong><strong>Avrupa ulusal spor federasyonlar\u0131n\u0131n kurullar\u0131nda kad\u0131n \u00fcyeler: Kar\u015f\u0131la\u015ft\u0131rmal\u0131 bir \u00e7al\u0131\u015fma<\/strong>.<\/strong> DOI: 10.5281\/zenodo.6834672<\/h3>\n\n\n\n<h3>Bask\u0131 \u00f6ncesi s\u00fcr\u00fcm a\u015fa\u011f\u0131daki linklerden indirilebilir:<\/h3>\n\n\n\n<div class=\"wp-container-1 wp-block-buttons\"><\/div>\n\n\n\n<h3 class=\"has-medium-font-size\"><strong>Ulusal spor federasyonlar\u0131n\u0131n kurullar\u0131n\u0131n \u00e7e\u015fitlili\u011fi \u00fczerindeki cinsiyet hedeflerinin etkilerinin \u00fclkeler aras\u0131 bir analizi.<\/strong> DOI: 10.5281\/zenodo.6851273<\/h3>\n\n\n\n<div class=\"wp-container-3 wp-block-columns\">\n<div class=\"wp-container-2 wp-block-column is-vertically-aligned-top\" style=\"flex-basis:100%\"><\/div>\n<\/div>\n\n\n\n<p>\u0130lk iki veritaban\u0131 SPSS istatistik program\u0131nda olu\u015fturulmu\u015ftur. \u00dc\u00e7\u00fcnc\u00fc veritaban\u0131 ise bir excel dok\u00fcman\u0131nda sunulmu\u015ftur. Verilerin korumas\u0131n\u0131 garanti alt\u0131na almak i\u00e7in veri taban\u0131nda y\u00f6netim kurulu \u00fcyelerini tan\u0131mlayabilecek baz\u0131 de\u011fi\u015fkenleri eledik.<\/p>\n\n\n\n<div class=\"wp-container-4 wp-block-buttons\"><\/div>\n\n\n\n<pre class=\"wp-block-preformatted\">Ulusal federasyonlar spor y\u00f6netim kurullar\u0131n\u0131n kad\u0131n \u00fcyelerinin verileri. Veritaban\u0131 GESPORT projesi<strong>. <\/strong>DOI: 10.5281\/zenodo.6598291\n<\/pre>\n\n\n\n<pre class=\"wp-block-preformatted\">Kad\u0131nlar spor kurullar\u0131nda. GESPORT. Veri taban\u0131<strong>. <\/strong>DOI:<strong> <\/strong>10.5281\/zenodo.6642662\n<\/pre>\n\n\n\n<p>Benzer \u015fekilde, y\u00f6netim kurulu \u00fcyelerinin demografik \u00f6zellikleri, kurumsal y\u00f6netim bilgileri, kurumsal sosyal sorumluluk raporlar\u0131n\u0131n kullan\u0131labilirli\u011fi, yay\u0131nlanm\u0131\u015f y\u0131ll\u0131k hesaplar veya etik kurallar ile ilgili di\u011fer de\u011fi\u015fkenler hakk\u0131nda da bilgi toplad\u0131k. Bu belgelerle ilgili olarak sadece farkl\u0131 \u00fclkeler aras\u0131nda de\u011fil, ayn\u0131 \u00fclkenin farkl\u0131 federasyonlar\u0131 aras\u0131nda da farkl\u0131la\u015fan bi\u00e7imler ve i\u00e7erikler tespit ettik. &nbsp;<\/p>\n\n\n\n<p>Spor organizasyonu, etik ve cinsiyet kodlar\u0131 ile kurulda yer alan bireylere ili\u015fkin g\u00f6stergeler (\u00f6rne\u011fin; ya\u015f, cinsiyet, spor deneyimi, meslek, \u00e7ocuk, e\u011fitim d\u00fczeyi, akademik e\u011fitim alan\u0131 ve kuruldaki konumu) de toplanm\u0131\u015ft\u0131r. Veriler, kad\u0131n y\u00f6neticilerin USF&#8217;lere ve kurumsal y\u00f6netim uygulamalar\u0131na kat\u0131l\u0131m\u0131n\u0131 nicel olarak analiz etmek i\u00e7in kullan\u0131lm\u0131\u015ft\u0131r.<\/p>\n\n\n\n<pre class=\"wp-block-preformatted\">GESPORT_Kad\u0131nlar be\u015f \u00fclkedeki USF'lerin spor kurullar\u0131nda: \u0130spanya, \u0130talya, Birle\u015fik Krall\u0131k, Portekiz ve T\u00fcrkiye<strong> <\/strong>DOI: 10.5281\/zenodo.6942796\n<\/pre>\n\n\n\n<p><\/p>\n","protected":false},"excerpt":{"rendered":"<p>GESPORT projesinin ortak \u00fclkelerindeki spor organizasyonlar\u0131n\u0131n kurumsal y\u00f6netimindeki kad\u0131nlar\u0131n rollerinin anla\u015f\u0131lmas\u0131n\u0131 art\u0131rmak i\u00e7in hem 2018&#8217;in birinci yar\u0131y\u0131l\u0131nda hem de 2022&#8217;nin ilk \u00e7eyre\u011finde kad\u0131nlar\u0131n USF\u2019lerin kurullar\u0131na kat\u0131l\u0131m\u0131 hakk\u0131nda veri toplad\u0131k. Spor organizasyonlar\u0131 \u00fczerine ara\u015ft\u0131rma, USF&#8217;lerin sosyal ve ekonomik zorluklar\u0131n\u0131 ele almak i\u00e7in kullan\u0131labilecek bilgilerin \u00fcretilmesine imkan sa\u011flamaktad\u0131r. Verilere be\u015f \u00fclkedeki USF&#8217;lerin resmi web sitelerinden eri\u015filmi\u015ftir. \u0130lgili &hellip;<\/p>\n<p class=\"read-more\"> <a class=\"\" href=\"https:\/\/gesport.unizar.es\/tr\/database\/\"> <span class=\"screen-reader-text\">Veritaban\u0131: Be\u015f \u00fclkenin USF&#8217;lerinde spor kurullar\u0131nda kad\u0131nlar: \u0130talya, Portekiz, \u0130spanya ve T\u00fcrkiye ve Birle\u015fik Krall\u0131k\ufffc<\/span> Read More &raquo;<\/a><\/p>\n","protected":false},"author":3,"featured_media":0,"parent":0,"menu_order":0,"comment_status":"closed","ping_status":"closed","template":"","meta":{"site-sidebar-layout":"default","site-content-layout":"default","ast-global-header-display":"","ast-main-header-display":"","ast-hfb-above-header-display":"","ast-hfb-below-header-display":"","ast-hfb-mobile-header-display":"","site-post-title":"","ast-breadcrumbs-content":"","ast-featured-img":"","footer-sml-layout":"","theme-transparent-header-meta":"default","adv-header-id-meta":"","stick-header-meta":"","header-above-stick-meta":"","header-main-stick-meta":"","header-below-stick-meta":""},"translation":{"provider":"WPGlobus","version":"2.10.4","language":"tr","enabled_languages":["gb","es","tr","it","pt"],"languages":{"gb":{"title":true,"content":true,"excerpt":false},"es":{"title":true,"content":true,"excerpt":false},"tr":{"title":true,"content":true,"excerpt":false},"it":{"title":true,"content":true,"excerpt":false},"pt":{"title":true,"content":true,"excerpt":false}}},"yoast_head":"<!-- This site is optimized with the Yoast SEO plugin v19.7.1 - https:\/\/yoast.com\/wordpress\/plugins\/seo\/ -->\n<title>Veritaban\u0131: Be\u015f \u00fclkenin USF&#039;lerinde spor kurullar\u0131nda kad\u0131nlar: \u0130talya, Portekiz, \u0130spanya ve T\u00fcrkiye ve Birle\u015fik Krall\u0131k\ufffc - GESPORT+<\/title>\n<meta name=\"robots\" content=\"index, follow, max-snippet:-1, max-image-preview:large, max-video-preview:-1\" \/>\n<link rel=\"canonical\" href=\"https:\/\/gesport.unizar.es\/database\/\" \/>\n<meta property=\"og:locale\" content=\"tr_TR\" \/>\n<meta property=\"og:type\" content=\"article\" \/>\n<meta property=\"og:title\" content=\"Veritaban\u0131: Be\u015f \u00fclkenin USF&#039;lerinde spor kurullar\u0131nda kad\u0131nlar: \u0130talya, Portekiz, \u0130spanya ve T\u00fcrkiye ve Birle\u015fik Krall\u0131k\ufffc - GESPORT+\" \/>\n<meta property=\"og:url\" content=\"https:\/\/gesport.unizar.es\/database\/\" \/>\n<meta property=\"og:site_name\" content=\"GESPORT+\" \/>\n<meta property=\"article:modified_time\" content=\"2023-06-26T02:03:33+00:00\" \/>\n<meta name=\"twitter:card\" content=\"summary_large_image\" \/>\n<meta name=\"twitter:label1\" content=\"Est. reading time\" \/>\n\t<meta name=\"twitter:data1\" content=\"2 minutes\" \/>\n<script type=\"application\/ld+json\" class=\"yoast-schema-graph\">{\"@context\":\"https:\/\/schema.org\",\"@graph\":[{\"@type\":\"WebPage\",\"@id\":\"https:\/\/gesport.unizar.es\/database\/\",\"url\":\"https:\/\/gesport.unizar.es\/database\/\",\"name\":\"Veritaban\u0131: Be\u015f \u00fclkenin USF'lerinde spor kurullar\u0131nda kad\u0131nlar: \u0130talya, Portekiz, \u0130spanya ve T\u00fcrkiye ve Birle\u015fik Krall\u0131k\ufffc - GESPORT+\",\"isPartOf\":{\"@id\":\"https:\/\/gesport.unizar.es\/#website\"},\"datePublished\":\"2021-10-25T10:58:47+00:00\",\"dateModified\":\"2023-06-26T02:03:33+00:00\",\"breadcrumb\":{\"@id\":\"https:\/\/gesport.unizar.es\/database\/#breadcrumb\"},\"inLanguage\":\"tr-TR\",\"potentialAction\":[{\"@type\":\"ReadAction\",\"target\":[\"https:\/\/gesport.unizar.es\/database\/\"]}]},{\"@type\":\"BreadcrumbList\",\"@id\":\"https:\/\/gesport.unizar.es\/database\/#breadcrumb\",\"itemListElement\":[{\"@type\":\"ListItem\",\"position\":1,\"name\":\"Portada\",\"item\":\"https:\/\/gesport.unizar.es\/\"},{\"@type\":\"ListItem\",\"position\":2,\"name\":\"Base de datos: Las mujeres en las juntas directivas de las federaciones nacionales deportivas: Espa\u00f1a, Italia, Portugal, Reino Unido, y Turqu\u00eda\"}]},{\"@type\":\"WebSite\",\"@id\":\"https:\/\/gesport.unizar.es\/#website\",\"url\":\"https:\/\/gesport.unizar.es\/\",\"name\":\"GESPORT+\",\"description\":\"Corporate governance in sport organizations:  a gendered approach\",\"publisher\":{\"@id\":\"https:\/\/gesport.unizar.es\/#organization\"},\"potentialAction\":[{\"@type\":\"SearchAction\",\"target\":{\"@type\":\"EntryPoint\",\"urlTemplate\":\"https:\/\/gesport.unizar.es\/?s={search_term_string}\"},\"query-input\":\"required name=search_term_string\"}],\"inLanguage\":\"tr-TR\"},{\"@type\":\"Organization\",\"@id\":\"https:\/\/gesport.unizar.es\/#organization\",\"name\":\"GESPORT Erasmus+\",\"url\":\"https:\/\/gesport.unizar.es\/\",\"sameAs\":[],\"logo\":{\"@type\":\"ImageObject\",\"inLanguage\":\"tr-TR\",\"@id\":\"https:\/\/gesport.unizar.es\/#\/schema\/logo\/image\/\",\"url\":\"http:\/\/gesport.unizar.es\/wp-content\/uploads\/2018\/12\/4.jpg\",\"contentUrl\":\"http:\/\/gesport.unizar.es\/wp-content\/uploads\/2018\/12\/4.jpg\",\"width\":400,\"height\":400,\"caption\":\"GESPORT Erasmus+\"},\"image\":{\"@id\":\"https:\/\/gesport.unizar.es\/#\/schema\/logo\/image\/\"}}]}<\/script>\n<!-- \/ Yoast SEO plugin. -->","yoast_head_json":{"title":"Veritaban\u0131: Be\u015f \u00fclkenin USF'lerinde spor kurullar\u0131nda kad\u0131nlar: \u0130talya, Portekiz, \u0130spanya ve T\u00fcrkiye ve Birle\u015fik Krall\u0131k\ufffc - GESPORT+","robots":{"index":"index","follow":"follow","max-snippet":"max-snippet:-1","max-image-preview":"max-image-preview:large","max-video-preview":"max-video-preview:-1"},"canonical":"https:\/\/gesport.unizar.es\/database\/","og_locale":"tr_TR","og_type":"article","og_title":"Veritaban\u0131: Be\u015f \u00fclkenin USF'lerinde spor kurullar\u0131nda kad\u0131nlar: \u0130talya, Portekiz, \u0130spanya ve T\u00fcrkiye ve Birle\u015fik Krall\u0131k\ufffc - GESPORT+","og_url":"https:\/\/gesport.unizar.es\/database\/","og_site_name":"GESPORT+","article_modified_time":"2023-06-26T02:03:33+00:00","twitter_card":"summary_large_image","twitter_misc":{"Est. reading time":"2 minutes"},"schema":{"@context":"https:\/\/schema.org","@graph":[{"@type":"WebPage","@id":"https:\/\/gesport.unizar.es\/database\/","url":"https:\/\/gesport.unizar.es\/database\/","name":"Veritaban\u0131: Be\u015f \u00fclkenin USF'lerinde spor kurullar\u0131nda kad\u0131nlar: \u0130talya, Portekiz, \u0130spanya ve T\u00fcrkiye ve Birle\u015fik Krall\u0131k\ufffc - GESPORT+","isPartOf":{"@id":"https:\/\/gesport.unizar.es\/#website"},"datePublished":"2021-10-25T10:58:47+00:00","dateModified":"2023-06-26T02:03:33+00:00","breadcrumb":{"@id":"https:\/\/gesport.unizar.es\/database\/#breadcrumb"},"inLanguage":"tr-TR","potentialAction":[{"@type":"ReadAction","target":["https:\/\/gesport.unizar.es\/database\/"]}]},{"@type":"BreadcrumbList","@id":"https:\/\/gesport.unizar.es\/database\/#breadcrumb","itemListElement":[{"@type":"ListItem","position":1,"name":"Portada","item":"https:\/\/gesport.unizar.es\/"},{"@type":"ListItem","position":2,"name":"Base de datos: Las mujeres en las juntas directivas de las federaciones nacionales deportivas: Espa\u00f1a, Italia, Portugal, Reino Unido, y Turqu\u00eda"}]},{"@type":"WebSite","@id":"https:\/\/gesport.unizar.es\/#website","url":"https:\/\/gesport.unizar.es\/","name":"GESPORT+","description":"Corporate governance in sport organizations:  a gendered approach","publisher":{"@id":"https:\/\/gesport.unizar.es\/#organization"},"potentialAction":[{"@type":"SearchAction","target":{"@type":"EntryPoint","urlTemplate":"https:\/\/gesport.unizar.es\/?s={search_term_string}"},"query-input":"required name=search_term_string"}],"inLanguage":"tr-TR"},{"@type":"Organization","@id":"https:\/\/gesport.unizar.es\/#organization","name":"GESPORT Erasmus+","url":"https:\/\/gesport.unizar.es\/","sameAs":[],"logo":{"@type":"ImageObject","inLanguage":"tr-TR","@id":"https:\/\/gesport.unizar.es\/#\/schema\/logo\/image\/","url":"http:\/\/gesport.unizar.es\/wp-content\/uploads\/2018\/12\/4.jpg","contentUrl":"http:\/\/gesport.unizar.es\/wp-content\/uploads\/2018\/12\/4.jpg","width":400,"height":400,"caption":"GESPORT Erasmus+"},"image":{"@id":"https:\/\/gesport.unizar.es\/#\/schema\/logo\/image\/"}}]}},"_links":{"self":[{"href":"https:\/\/gesport.unizar.es\/tr\/wp-json\/wp\/v2\/pages\/6425"}],"collection":[{"href":"https:\/\/gesport.unizar.es\/tr\/wp-json\/wp\/v2\/pages"}],"about":[{"href":"https:\/\/gesport.unizar.es\/tr\/wp-json\/wp\/v2\/types\/page"}],"author":[{"embeddable":true,"href":"https:\/\/gesport.unizar.es\/tr\/wp-json\/wp\/v2\/users\/3"}],"replies":[{"embeddable":true,"href":"https:\/\/gesport.unizar.es\/tr\/wp-json\/wp\/v2\/comments?post=6425"}],"version-history":[{"count":82,"href":"https:\/\/gesport.unizar.es\/tr\/wp-json\/wp\/v2\/pages\/6425\/revisions"}],"predecessor-version":[{"id":10945,"href":"https:\/\/gesport.unizar.es\/tr\/wp-json\/wp\/v2\/pages\/6425\/revisions\/10945"}],"wp:attachment":[{"href":"https:\/\/gesport.unizar.es\/tr\/wp-json\/wp\/v2\/media?parent=6425"}],"curies":[{"name":"wp","href":"https:\/\/api.w.org\/{rel}","templated":true}]}}