{"id":6315,"date":"2021-08-03T06:00:16","date_gmt":"2021-08-03T06:00:16","guid":{"rendered":"https:\/\/gesport.unizar.es\/?page_id=6315"},"modified":"2022-10-12T23:49:03","modified_gmt":"2022-10-12T23:49:03","slug":"interviews-spain-2","status":"publish","type":"page","link":"https:\/\/gesport.unizar.es\/tr\/interviews-spain-2\/","title":{"rendered":"ispanya r\u00f6portajlar\u0131"},"content":{"rendered":"\n<div class=\"wp-block-media-text alignwide has-media-on-the-right is-stacked-on-mobile is-vertically-aligned-center\" style=\"grid-template-columns:auto 44%\"><figure class=\"wp-block-media-text__media\"><img loading=\"lazy\" width=\"800\" height=\"864\" src=\"https:\/\/gesport.unizar.es\/wp-content\/uploads\/2022\/10\/Captura-de-Pantalla-2022-10-13-a-las-1.20.53.png\" alt=\"\" class=\"wp-image-10217 size-full\"\/><\/figure><div class=\"wp-block-media-text__content\">\n<p class=\"has-large-font-size\" style=\"line-height:1.2\"><a href=\"https:\/\/gesport.unizar.es\/es\/julia-casanueva-san-emeterio\/\"><\/a><a href=\"https:\/\/gesport.unizar.es\/tr\/julia-casanueva-san-emeterio\/\">Julia Casanueva San Emeterio, \u0130spanya Kraliyet Yelken Federasyonu Ba\u015fkan\u0131<\/a><\/p>\n<\/div><\/div>\n\n\n\n<div class=\"wp-block-media-text alignwide is-stacked-on-mobile\" style=\"grid-template-columns:69% auto\"><figure class=\"wp-block-media-text__media\"><img loading=\"lazy\" width=\"1287\" height=\"722\" src=\"https:\/\/gesport.unizar.es\/wp-content\/uploads\/2022\/06\/Captura-de-pantalla-2020-08-14-a-las-20.03.52.png\" alt=\"\" class=\"wp-image-8185 size-full\"\/><\/figure><div class=\"wp-block-media-text__content\">\n<p class=\"has-large-font-size\" style=\"line-height:1.2\"><a href=\"https:\/\/gesport.unizar.es\/es\/mercedes-coghen-alberdingk-thijm\/\"><\/a><a href=\"https:\/\/gesport.unizar.es\/tr\/mercedes-coghen-alberdingk-thijm\/\">Mercedes Coghen Alberdingk-Thijm, \u0130spanya Kraliyet Hokey Federasyonu Ba\u015fkan Yard\u0131mc\u0131s\u0131 <\/a><\/p>\n<\/div><\/div>\n\n\n\n<div class=\"wp-block-media-text alignwide is-stacked-on-mobile\" style=\"grid-template-columns:69% auto\"><figure class=\"wp-block-media-text__media\"><img loading=\"lazy\" width=\"2188\" height=\"1234\" src=\"https:\/\/gesport.unizar.es\/wp-content\/uploads\/2022\/06\/Captura-de-pantalla-2020-08-14-a-las-19.53.30.png\" alt=\"\" class=\"wp-image-8187 size-full\"\/><\/figure><div class=\"wp-block-media-text__content\">\n<p class=\"has-large-font-size\" style=\"line-height:1.2\"><a href=\"https:\/\/gesport.unizar.es\/tr\/rosa-blanca-de-salvador-gonzalez\/\">Rosa Blanca de Salvador Gonz\u00e1lez, \u0130spanya Kraliyet Ok\u00e7uluk Federasyonu Ba\u015fkan Yard\u0131mc\u0131s\u0131 <\/a><\/p>\n<\/div><\/div>\n\n\n\n<div class=\"wp-block-media-text alignwide is-stacked-on-mobile\" style=\"grid-template-columns:69% auto\"><figure class=\"wp-block-media-text__media\"><img loading=\"lazy\" width=\"3008\" height=\"2000\" src=\"https:\/\/gesport.unizar.es\/wp-content\/uploads\/2022\/06\/DSC_1768.jpg\" alt=\"\" class=\"wp-image-8188 size-full\"\/><\/figure><div class=\"wp-block-media-text__content\">\n<p class=\"has-large-font-size\" style=\"line-height:1.2\"><a href=\"https:\/\/gesport.unizar.es\/asuncion-r-loriente-perez\/\"><a href=\"https:\/\/gesport.unizar.es\/tr\/asuncion-r-loriente-perez\/\">Asunci\u00f3n R. Loriente P\u00e9rez, \u0130spanya K\u00fcrek Federasyonu Ba\u015fkan\u0131<\/a><\/a><\/p>\n<\/div><\/div>\n\n\n\n<div class=\"wp-block-media-text alignwide is-stacked-on-mobile\" style=\"grid-template-columns:69% auto\"><figure class=\"wp-block-media-text__media\"><img loading=\"lazy\" width=\"2186\" height=\"1232\" src=\"https:\/\/gesport.unizar.es\/wp-content\/uploads\/2022\/06\/Captura-de-pantalla-2020-08-14-a-las-19.50.26.png\" alt=\"\" class=\"wp-image-8189 size-full\"\/><\/figure><div class=\"wp-block-media-text__content\">\n<p class=\"has-large-font-size\" style=\"line-height:1.2\"><a href=\"https:\/\/gesport.unizar.es\/tr\/mariola-rus-rufino-2\/\">Mariola Rus Rufino, \u0130spanya Rugby Federasyonu Ba\u015fkan Yard\u0131mc\u0131s\u0131 <\/a><\/p>\n<\/div><\/div>\n\n\n\n<div class=\"wp-block-media-text alignwide has-media-on-the-right is-stacked-on-mobile\" style=\"grid-template-columns:auto 47%\"><figure class=\"wp-block-media-text__media\"><img loading=\"lazy\" width=\"844\" height=\"1080\" src=\"https:\/\/gesport.unizar.es\/wp-content\/uploads\/2022\/10\/Captura-de-Pantalla-2022-10-13-a-las-1.22.53.png\" alt=\"\" class=\"wp-image-10219 size-full\"\/><\/figure><div class=\"wp-block-media-text__content\">\n<p class=\"has-large-font-size\" style=\"line-height:1.2\"><a href=\"https:\/\/gesport.unizar.es\/susana-santos-menendez\/\"><a href=\"https:\/\/gesport.unizar.es\/tr\/susana-santos-menendez\/\">Susana Santos Men\u00e9ndez, Kraliyet \u0130spanyol Beyzbol ve Softbol Federasyonu Ba\u015fkan Yard\u0131mc\u0131s\u0131<\/a><\/a><\/p>\n<\/div><\/div>\n\n\n\n<div class=\"wp-block-media-text alignwide has-media-on-the-right is-stacked-on-mobile\" style=\"grid-template-columns:auto 47%\"><figure class=\"wp-block-media-text__media\"><img loading=\"lazy\" width=\"1467\" height=\"1989\" src=\"https:\/\/gesport.unizar.es\/wp-content\/uploads\/2022\/03\/DSC_1977_.jpg\" alt=\"\" class=\"wp-image-10027 size-full\"\/><\/figure><div class=\"wp-block-media-text__content\">\n<p class=\"has-large-font-size\" style=\"line-height:1.2\"><a href=\"https:\/\/gesport.unizar.es\/tr\/africa-alvarez-lopez\/\">Africa \u00c1lvarez L\u00f3pez, \u0130spanya S\u00f6rf Federasyonu Y\u00f6netim Kurulu \u00dcyesi<\/a><\/p>\n<\/div><\/div>\n\n\n\n<div class=\"wp-block-media-text alignwide is-stacked-on-mobile\" style=\"grid-template-columns:65% auto\"><figure class=\"wp-block-media-text__media\"><img loading=\"lazy\" width=\"3008\" height=\"2000\" src=\"https:\/\/gesport.unizar.es\/wp-content\/uploads\/2022\/06\/DSC_2045.jpg\" alt=\"\" class=\"wp-image-8192 size-full\"\/><\/figure><div class=\"wp-block-media-text__content\">\n<p class=\"has-large-font-size\" style=\"line-height:1.2\"><a href=\"https:\/\/gesport.unizar.es\/es\/diana-box-alonso\/\"><\/a><a href=\"https:\/\/gesport.unizar.es\/tr\/diana-box-alonso\/\">Diana Box Alonso, \u0130spanya Hentbol Federasyonu Ba\u015fkan Yard\u0131mc\u0131s\u0131<\/a><\/p>\n<\/div><\/div>\n\n\n\n<div class=\"wp-block-media-text alignwide is-stacked-on-mobile\" style=\"grid-template-columns:65% auto\"><figure class=\"wp-block-media-text__media\"><img loading=\"lazy\" width=\"3008\" height=\"2000\" src=\"https:\/\/gesport.unizar.es\/wp-content\/uploads\/2022\/09\/DSC_2046.jpg\" alt=\"\" class=\"wp-image-9178 size-full\"\/><\/figure><div class=\"wp-block-media-text__content\">\n<p class=\"has-large-font-size\" style=\"line-height:1.2\"><a href=\"https:\/\/gesport.unizar.es\/tr\/isabel-garcia-sanz\/\">Isabel Garcia Sanz, \u0130spanya Kurtarma ve \u0130lk Yard\u0131m Federasyonu Ba\u015fkan\u0131<\/a><\/p>\n<\/div><\/div>\n\n\n\n<div class=\"wp-block-media-text alignwide has-media-on-the-right is-stacked-on-mobile\" style=\"grid-template-columns:auto 44%\"><figure class=\"wp-block-media-text__media\"><img loading=\"lazy\" width=\"413\" height=\"490\" src=\"https:\/\/gesport.unizar.es\/wp-content\/uploads\/2022\/10\/Captura-de-Pantalla-2022-10-13-a-las-1.05.43.png\" alt=\"\" class=\"wp-image-10210 size-full\"\/><\/figure><div class=\"wp-block-media-text__content\">\n<p class=\"has-large-font-size\" style=\"line-height:1.2\"><a href=\"https:\/\/gesport.unizar.es\/tr\/maria-jose-martinez-sanchez\/\">Mar\u00eda Jos\u00e9 Mart\u00ednez S\u00e1nchez, \u0130spanya Tenis Federasyonu Ba\u015fkan Yard\u0131mc\u0131s\u0131<\/a><\/p>\n<\/div><\/div>\n","protected":false},"excerpt":{"rendered":"<p>Julia Casanueva San Emeterio, \u0130spanya Kraliyet Yelken Federasyonu Ba\u015fkan\u0131 Mercedes Coghen Alberdingk-Thijm, \u0130spanya Kraliyet Hokey Federasyonu Ba\u015fkan Yard\u0131mc\u0131s\u0131 Rosa Blanca de Salvador Gonz\u00e1lez, \u0130spanya Kraliyet Ok\u00e7uluk Federasyonu Ba\u015fkan Yard\u0131mc\u0131s\u0131 Asunci\u00f3n R. Loriente P\u00e9rez, \u0130spanya K\u00fcrek Federasyonu Ba\u015fkan\u0131 Mariola Rus Rufino, \u0130spanya Rugby Federasyonu Ba\u015fkan Yard\u0131mc\u0131s\u0131 Susana Santos Men\u00e9ndez, Kraliyet \u0130spanyol Beyzbol ve Softbol Federasyonu Ba\u015fkan &hellip;<\/p>\n<p class=\"read-more\"> <a class=\"\" href=\"https:\/\/gesport.unizar.es\/tr\/interviews-spain-2\/\"> <span class=\"screen-reader-text\">ispanya r\u00f6portajlar\u0131<\/span> Read More &raquo;<\/a><\/p>\n","protected":false},"author":3,"featured_media":0,"parent":0,"menu_order":0,"comment_status":"closed","ping_status":"closed","template":"","meta":{"site-sidebar-layout":"default","site-content-layout":"default","ast-global-header-display":"","ast-main-header-display":"","ast-hfb-above-header-display":"","ast-hfb-below-header-display":"","ast-hfb-mobile-header-display":"","site-post-title":"","ast-breadcrumbs-content":"","ast-featured-img":"","footer-sml-layout":"","theme-transparent-header-meta":"","adv-header-id-meta":"","stick-header-meta":"","header-above-stick-meta":"","header-main-stick-meta":"","header-below-stick-meta":""},"translation":{"provider":"WPGlobus","version":"2.10.4","language":"tr","enabled_languages":["gb","es","tr","it","pt"],"languages":{"gb":{"title":true,"content":true,"excerpt":false},"es":{"title":true,"content":true,"excerpt":false},"tr":{"title":true,"content":true,"excerpt":false},"it":{"title":true,"content":true,"excerpt":false},"pt":{"title":true,"content":true,"excerpt":false}}},"yoast_head":"<!-- This site is optimized with the Yoast SEO plugin v19.7.1 - https:\/\/yoast.com\/wordpress\/plugins\/seo\/ -->\n<title>ispanya r\u00f6portajlar\u0131 - GESPORT+<\/title>\n<meta name=\"robots\" content=\"index, follow, max-snippet:-1, max-image-preview:large, max-video-preview:-1\" \/>\n<link rel=\"canonical\" href=\"https:\/\/gesport.unizar.es\/interviews-spain-2\/\" \/>\n<meta property=\"og:locale\" content=\"tr_TR\" \/>\n<meta property=\"og:type\" content=\"article\" \/>\n<meta property=\"og:title\" content=\"ispanya r\u00f6portajlar\u0131 - GESPORT+\" \/>\n<meta property=\"og:url\" content=\"https:\/\/gesport.unizar.es\/interviews-spain-2\/\" \/>\n<meta property=\"og:site_name\" content=\"GESPORT+\" \/>\n<meta property=\"article:modified_time\" content=\"2022-10-12T23:49:03+00:00\" \/>\n<meta property=\"og:image\" content=\"https:\/\/gesport.unizar.es\/wp-content\/uploads\/2022\/10\/Captura-de-Pantalla-2022-10-13-a-las-1.20.53.png\" \/>\n<meta name=\"twitter:card\" content=\"summary_large_image\" \/>\n<meta name=\"twitter:label1\" content=\"Est. reading time\" \/>\n\t<meta name=\"twitter:data1\" content=\"3 minutes\" \/>\n<script type=\"application\/ld+json\" class=\"yoast-schema-graph\">{\"@context\":\"https:\/\/schema.org\",\"@graph\":[{\"@type\":\"WebPage\",\"@id\":\"https:\/\/gesport.unizar.es\/interviews-spain-2\/\",\"url\":\"https:\/\/gesport.unizar.es\/interviews-spain-2\/\",\"name\":\"ispanya r\u00f6portajlar\u0131 - GESPORT+\",\"isPartOf\":{\"@id\":\"https:\/\/gesport.unizar.es\/#website\"},\"datePublished\":\"2021-08-03T06:00:16+00:00\",\"dateModified\":\"2022-10-12T23:49:03+00:00\",\"breadcrumb\":{\"@id\":\"https:\/\/gesport.unizar.es\/interviews-spain-2\/#breadcrumb\"},\"inLanguage\":\"tr-TR\",\"potentialAction\":[{\"@type\":\"ReadAction\",\"target\":[\"https:\/\/gesport.unizar.es\/interviews-spain-2\/\"]}]},{\"@type\":\"BreadcrumbList\",\"@id\":\"https:\/\/gesport.unizar.es\/interviews-spain-2\/#breadcrumb\",\"itemListElement\":[{\"@type\":\"ListItem\",\"position\":1,\"name\":\"Portada\",\"item\":\"https:\/\/gesport.unizar.es\/\"},{\"@type\":\"ListItem\",\"position\":2,\"name\":\"Entrevistas Espa\u00f1a\"}]},{\"@type\":\"WebSite\",\"@id\":\"https:\/\/gesport.unizar.es\/#website\",\"url\":\"https:\/\/gesport.unizar.es\/\",\"name\":\"GESPORT+\",\"description\":\"Corporate governance in sport organizations:  a gendered approach\",\"publisher\":{\"@id\":\"https:\/\/gesport.unizar.es\/#organization\"},\"potentialAction\":[{\"@type\":\"SearchAction\",\"target\":{\"@type\":\"EntryPoint\",\"urlTemplate\":\"https:\/\/gesport.unizar.es\/?s={search_term_string}\"},\"query-input\":\"required name=search_term_string\"}],\"inLanguage\":\"tr-TR\"},{\"@type\":\"Organization\",\"@id\":\"https:\/\/gesport.unizar.es\/#organization\",\"name\":\"GESPORT Erasmus+\",\"url\":\"https:\/\/gesport.unizar.es\/\",\"sameAs\":[],\"logo\":{\"@type\":\"ImageObject\",\"inLanguage\":\"tr-TR\",\"@id\":\"https:\/\/gesport.unizar.es\/#\/schema\/logo\/image\/\",\"url\":\"http:\/\/gesport.unizar.es\/wp-content\/uploads\/2018\/12\/4.jpg\",\"contentUrl\":\"http:\/\/gesport.unizar.es\/wp-content\/uploads\/2018\/12\/4.jpg\",\"width\":400,\"height\":400,\"caption\":\"GESPORT Erasmus+\"},\"image\":{\"@id\":\"https:\/\/gesport.unizar.es\/#\/schema\/logo\/image\/\"}}]}<\/script>\n<!-- \/ Yoast SEO plugin. -->","yoast_head_json":{"title":"ispanya r\u00f6portajlar\u0131 - GESPORT+","robots":{"index":"index","follow":"follow","max-snippet":"max-snippet:-1","max-image-preview":"max-image-preview:large","max-video-preview":"max-video-preview:-1"},"canonical":"https:\/\/gesport.unizar.es\/interviews-spain-2\/","og_locale":"tr_TR","og_type":"article","og_title":"ispanya r\u00f6portajlar\u0131 - GESPORT+","og_url":"https:\/\/gesport.unizar.es\/interviews-spain-2\/","og_site_name":"GESPORT+","article_modified_time":"2022-10-12T23:49:03+00:00","og_image":[{"url":"https:\/\/gesport.unizar.es\/wp-content\/uploads\/2022\/10\/Captura-de-Pantalla-2022-10-13-a-las-1.20.53.png"}],"twitter_card":"summary_large_image","twitter_misc":{"Est. reading time":"3 minutes"},"schema":{"@context":"https:\/\/schema.org","@graph":[{"@type":"WebPage","@id":"https:\/\/gesport.unizar.es\/interviews-spain-2\/","url":"https:\/\/gesport.unizar.es\/interviews-spain-2\/","name":"ispanya r\u00f6portajlar\u0131 - GESPORT+","isPartOf":{"@id":"https:\/\/gesport.unizar.es\/#website"},"datePublished":"2021-08-03T06:00:16+00:00","dateModified":"2022-10-12T23:49:03+00:00","breadcrumb":{"@id":"https:\/\/gesport.unizar.es\/interviews-spain-2\/#breadcrumb"},"inLanguage":"tr-TR","potentialAction":[{"@type":"ReadAction","target":["https:\/\/gesport.unizar.es\/interviews-spain-2\/"]}]},{"@type":"BreadcrumbList","@id":"https:\/\/gesport.unizar.es\/interviews-spain-2\/#breadcrumb","itemListElement":[{"@type":"ListItem","position":1,"name":"Portada","item":"https:\/\/gesport.unizar.es\/"},{"@type":"ListItem","position":2,"name":"Entrevistas Espa\u00f1a"}]},{"@type":"WebSite","@id":"https:\/\/gesport.unizar.es\/#website","url":"https:\/\/gesport.unizar.es\/","name":"GESPORT+","description":"Corporate governance in sport organizations:  a gendered approach","publisher":{"@id":"https:\/\/gesport.unizar.es\/#organization"},"potentialAction":[{"@type":"SearchAction","target":{"@type":"EntryPoint","urlTemplate":"https:\/\/gesport.unizar.es\/?s={search_term_string}"},"query-input":"required name=search_term_string"}],"inLanguage":"tr-TR"},{"@type":"Organization","@id":"https:\/\/gesport.unizar.es\/#organization","name":"GESPORT Erasmus+","url":"https:\/\/gesport.unizar.es\/","sameAs":[],"logo":{"@type":"ImageObject","inLanguage":"tr-TR","@id":"https:\/\/gesport.unizar.es\/#\/schema\/logo\/image\/","url":"http:\/\/gesport.unizar.es\/wp-content\/uploads\/2018\/12\/4.jpg","contentUrl":"http:\/\/gesport.unizar.es\/wp-content\/uploads\/2018\/12\/4.jpg","width":400,"height":400,"caption":"GESPORT Erasmus+"},"image":{"@id":"https:\/\/gesport.unizar.es\/#\/schema\/logo\/image\/"}}]}},"_links":{"self":[{"href":"https:\/\/gesport.unizar.es\/tr\/wp-json\/wp\/v2\/pages\/6315"}],"collection":[{"href":"https:\/\/gesport.unizar.es\/tr\/wp-json\/wp\/v2\/pages"}],"about":[{"href":"https:\/\/gesport.unizar.es\/tr\/wp-json\/wp\/v2\/types\/page"}],"author":[{"embeddable":true,"href":"https:\/\/gesport.unizar.es\/tr\/wp-json\/wp\/v2\/users\/3"}],"replies":[{"embeddable":true,"href":"https:\/\/gesport.unizar.es\/tr\/wp-json\/wp\/v2\/comments?post=6315"}],"version-history":[{"count":114,"href":"https:\/\/gesport.unizar.es\/tr\/wp-json\/wp\/v2\/pages\/6315\/revisions"}],"predecessor-version":[{"id":10231,"href":"https:\/\/gesport.unizar.es\/tr\/wp-json\/wp\/v2\/pages\/6315\/revisions\/10231"}],"wp:attachment":[{"href":"https:\/\/gesport.unizar.es\/tr\/wp-json\/wp\/v2\/media?parent=6315"}],"curies":[{"name":"wp","href":"https:\/\/api.w.org\/{rel}","templated":true}]}}