{"id":4631,"date":"2020-07-29T10:11:37","date_gmt":"2020-07-29T10:11:37","guid":{"rendered":"http:\/\/gesport.unizar.es\/?page_id=4631"},"modified":"2022-07-21T14:28:23","modified_gmt":"2022-07-21T14:28:23","slug":"susana-costa-vieira","status":"publish","type":"page","link":"https:\/\/gesport.unizar.es\/pt\/interviews-portugal\/susana-costa-vieira\/","title":{"rendered":"Susana Costa Vieira"},"content":{"rendered":"\n<h2 class=\"has-text-align-center\">Vice-Presidente da Federa\u00e7\u00e3o de Patinagem de Portugal<\/h2>\n\n\n\n<div class=\"wp-container-3 wp-block-columns\">\n<div class=\"wp-container-1 wp-block-column is-vertically-aligned-center\" style=\"flex-basis:33.33%\">\n<p><strong>Qual \u00e9 o papel do esporte na sua vida?<\/strong><br><strong>Quando e como come\u00e7ou sua rela\u00e7\u00e3o com o esporte que voc\u00ea representa?<\/strong><\/p>\n<\/div>\n\n\n\n<div class=\"wp-container-2 wp-block-column\" style=\"flex-basis:66.66%\">\n<figure class=\"wp-block-embed is-type-video is-provider-youtube wp-block-embed-youtube wp-embed-aspect-16-9 wp-has-aspect-ratio\"><div class=\"wp-block-embed__wrapper\">\n<div class=\"ast-oembed-container\" style=\"height: 100%;\"><iframe loading=\"lazy\" title=\"Susana Costa Vieira, Portuguese Skating Federation - 1, 2\" width=\"500\" height=\"281\" src=\"https:\/\/www.youtube.com\/embed\/Bey_T1T7eb8?list=PLhnGL5VosdknZiusrC73J0PQb2JSAkvut\" frameborder=\"0\" allow=\"accelerometer; autoplay; clipboard-write; encrypted-media; gyroscope; picture-in-picture\" allowfullscreen><\/iframe><\/div>\n<\/div><\/figure>\n<\/div>\n<\/div>\n\n\n\n<div class=\"wp-container-6 wp-block-columns\">\n<div class=\"wp-container-4 wp-block-column is-vertically-aligned-center\" style=\"flex-basis:33.33%\">\n<p><strong>O que voc\u00ea acha da representa\u00e7\u00e3o feminina nas organiza\u00e7\u00f5es esportivas hoje?<\/strong><\/p>\n<\/div>\n\n\n\n<div class=\"wp-container-5 wp-block-column\" style=\"flex-basis:66.66%\">\n<figure class=\"wp-block-embed is-type-video is-provider-youtube wp-block-embed-youtube wp-embed-aspect-16-9 wp-has-aspect-ratio\"><div class=\"wp-block-embed__wrapper\">\n<div class=\"ast-oembed-container\" style=\"height: 100%;\"><iframe loading=\"lazy\" title=\"Susana Costa Vieira, Portuguese Skating Federation - 3\" width=\"500\" height=\"281\" src=\"https:\/\/www.youtube.com\/embed\/GwgeeY9BnQE?list=PLhnGL5VosdknZiusrC73J0PQb2JSAkvut\" frameborder=\"0\" allow=\"accelerometer; autoplay; clipboard-write; encrypted-media; gyroscope; picture-in-picture\" allowfullscreen><\/iframe><\/div>\n<\/div><\/figure>\n<\/div>\n<\/div>\n\n\n\n<div class=\"wp-container-9 wp-block-columns\">\n<div class=\"wp-container-7 wp-block-column is-vertically-aligned-center\" style=\"flex-basis:33.33%\">\n<p><strong>Como Vice-presidente, participou na defini\u00e7\u00e3o e implementa\u00e7\u00e3o das pol\u00edticas de igualdade de g\u00e9nero? Se sim, quais foram essas pol\u00edticas? Por que voc\u00ea acha que eles s\u00e3o \u00fateis? Se n\u00e3o, por que n\u00e3o s\u00e3o \u00fateis?<\/strong><\/p>\n<\/div>\n\n\n\n<div class=\"wp-container-8 wp-block-column\" style=\"flex-basis:66.66%\">\n<figure class=\"wp-block-embed is-type-video is-provider-youtube wp-block-embed-youtube wp-embed-aspect-16-9 wp-has-aspect-ratio\"><div class=\"wp-block-embed__wrapper\">\n<div class=\"ast-oembed-container\" style=\"height: 100%;\"><iframe loading=\"lazy\" title=\"Susana Costa Vieira, Portuguese Skating Federation - 4\" width=\"500\" height=\"281\" src=\"https:\/\/www.youtube.com\/embed\/xd1a6RQC8j0?list=PLhnGL5VosdknZiusrC73J0PQb2JSAkvut\" frameborder=\"0\" allow=\"accelerometer; autoplay; clipboard-write; encrypted-media; gyroscope; picture-in-picture\" allowfullscreen><\/iframe><\/div>\n<\/div><\/figure>\n<\/div>\n<\/div>\n\n\n\n<div class=\"wp-container-12 wp-block-columns\">\n<div class=\"wp-container-10 wp-block-column is-vertically-aligned-center\" style=\"flex-basis:33.33%\">\n<p><strong>Quais s\u00e3o as responsabilidades do seu conselho de administra\u00e7\u00e3o e h\u00e1 quanto tempo voc\u00ea est\u00e1 no cargo?<\/strong><\/p>\n<\/div>\n\n\n\n<div class=\"wp-container-11 wp-block-column\" style=\"flex-basis:66.66%\">\n<figure class=\"wp-block-embed is-type-video is-provider-youtube wp-block-embed-youtube wp-embed-aspect-16-9 wp-has-aspect-ratio\"><div class=\"wp-block-embed__wrapper\">\n<div class=\"ast-oembed-container\" style=\"height: 100%;\"><iframe loading=\"lazy\" title=\"Susana Costa Vieira, Portuguese Skating Federation - 5\" width=\"500\" height=\"281\" src=\"https:\/\/www.youtube.com\/embed\/OaPMo-IayAY?list=PLhnGL5VosdknZiusrC73J0PQb2JSAkvut\" frameborder=\"0\" allow=\"accelerometer; autoplay; clipboard-write; encrypted-media; gyroscope; picture-in-picture\" allowfullscreen><\/iframe><\/div>\n<\/div><\/figure>\n<\/div>\n<\/div>\n\n\n\n<div class=\"wp-container-15 wp-block-columns\">\n<div class=\"wp-container-13 wp-block-column is-vertically-aligned-center\" style=\"flex-basis:33.33%\">\n<p><strong>Qual a sua opini\u00e3o sobre a participa\u00e7\u00e3o de mulheres em conselhos de administra\u00e7\u00e3o? Voc\u00ea acha que existe igualdade?<\/strong><\/p>\n<\/div>\n\n\n\n<div class=\"wp-container-14 wp-block-column\" style=\"flex-basis:66.66%\">\n<figure class=\"wp-block-embed is-type-video is-provider-youtube wp-block-embed-youtube wp-embed-aspect-16-9 wp-has-aspect-ratio\"><div class=\"wp-block-embed__wrapper\">\n<div class=\"ast-oembed-container\" style=\"height: 100%;\"><iframe loading=\"lazy\" title=\"Susana Costa Vieira, Portuguese Skating Federation - 7\" width=\"500\" height=\"281\" src=\"https:\/\/www.youtube.com\/embed\/BuyXsmt3Dfs?list=PLhnGL5VosdknZiusrC73J0PQb2JSAkvut\" frameborder=\"0\" allow=\"accelerometer; autoplay; clipboard-write; encrypted-media; gyroscope; picture-in-picture\" allowfullscreen><\/iframe><\/div>\n<\/div><\/figure>\n<\/div>\n<\/div>\n\n\n\n<div class=\"wp-container-18 wp-block-columns\">\n<div class=\"wp-container-16 wp-block-column is-vertically-aligned-center\" style=\"flex-basis:33.33%\">\n<p><strong>Que outras pol\u00edticas ou medidas voc\u00ea acha que deveriam ser adotadas para promover a igualdade?<\/strong><\/p>\n<\/div>\n\n\n\n<div class=\"wp-container-17 wp-block-column\" style=\"flex-basis:66.66%\">\n<figure class=\"wp-block-embed is-type-video is-provider-youtube wp-block-embed-youtube wp-embed-aspect-16-9 wp-has-aspect-ratio\"><div class=\"wp-block-embed__wrapper\">\n<div class=\"ast-oembed-container\" style=\"height: 100%;\"><iframe loading=\"lazy\" title=\"Susana Costa Vieira, Portuguese Skating Federation - 8\" width=\"500\" height=\"281\" src=\"https:\/\/www.youtube.com\/embed\/p51Gm7mj5hM?list=PLhnGL5VosdknZiusrC73J0PQb2JSAkvut\" frameborder=\"0\" allow=\"accelerometer; autoplay; clipboard-write; encrypted-media; gyroscope; picture-in-picture\" allowfullscreen><\/iframe><\/div>\n<\/div><\/figure>\n<\/div>\n<\/div>\n\n\n\n<div class=\"wp-container-21 wp-block-columns\">\n<div class=\"wp-container-19 wp-block-column is-vertically-aligned-center\" style=\"flex-basis:33.33%\">\n<p><strong>Voc\u00ea acha que sua posi\u00e7\u00e3o no conselho contribui para a igualdade de g\u00eanero na sociedade? Se sim, como? Mas porque?<\/strong><\/p>\n<\/div>\n\n\n\n<div class=\"wp-container-20 wp-block-column\" style=\"flex-basis:66.66%\">\n<figure class=\"wp-block-embed is-type-video is-provider-youtube wp-block-embed-youtube wp-embed-aspect-16-9 wp-has-aspect-ratio\"><div class=\"wp-block-embed__wrapper\">\n<div class=\"ast-oembed-container\" style=\"height: 100%;\"><iframe loading=\"lazy\" title=\"Susana Costa Vieira, Portuguese Skating Federation - 9\" width=\"500\" height=\"281\" src=\"https:\/\/www.youtube.com\/embed\/guDzgIDpbUU?list=PLhnGL5VosdknZiusrC73J0PQb2JSAkvut\" frameborder=\"0\" allow=\"accelerometer; autoplay; clipboard-write; encrypted-media; gyroscope; picture-in-picture\" allowfullscreen><\/iframe><\/div>\n<\/div><\/figure>\n<\/div>\n<\/div>\n\n\n\n<div class=\"wp-container-24 wp-block-columns\">\n<div class=\"wp-container-22 wp-block-column is-vertically-aligned-center\" style=\"flex-basis:33.33%\">\n<p><strong>Que conselho voc\u00ea daria para outras mulheres que buscam cargos na governan\u00e7a corporativa do esporte?<\/strong><\/p>\n<\/div>\n\n\n\n<div class=\"wp-container-23 wp-block-column\" style=\"flex-basis:66.66%\">\n<figure class=\"wp-block-embed is-type-video is-provider-youtube wp-block-embed-youtube wp-embed-aspect-16-9 wp-has-aspect-ratio\"><div class=\"wp-block-embed__wrapper\">\n<div class=\"ast-oembed-container\" style=\"height: 100%;\"><iframe loading=\"lazy\" title=\"Susana Costa Vieira, Portuguese Skating Federation - 10\" width=\"500\" height=\"281\" src=\"https:\/\/www.youtube.com\/embed\/_c_V7aWGReI?list=PLhnGL5VosdknZiusrC73J0PQb2JSAkvut\" frameborder=\"0\" allow=\"accelerometer; autoplay; clipboard-write; encrypted-media; gyroscope; picture-in-picture\" allowfullscreen><\/iframe><\/div>\n<\/div><\/figure>\n<\/div>\n<\/div>\n","protected":false},"excerpt":{"rendered":"<p>Vice-Presidente da Federa\u00e7\u00e3o de Patinagem de Portugal Qual \u00e9 o papel do esporte na sua vida?Quando e como come\u00e7ou sua rela\u00e7\u00e3o com o esporte que voc\u00ea representa? O que voc\u00ea acha da representa\u00e7\u00e3o feminina nas organiza\u00e7\u00f5es esportivas hoje? Como Vice-presidente, participou na defini\u00e7\u00e3o e implementa\u00e7\u00e3o das pol\u00edticas de igualdade de g\u00e9nero? Se sim, quais foram &hellip;<\/p>\n<p class=\"read-more\"> <a class=\"\" href=\"https:\/\/gesport.unizar.es\/pt\/interviews-portugal\/susana-costa-vieira\/\"> <span class=\"screen-reader-text\">Susana Costa Vieira<\/span> Read More &raquo;<\/a><\/p>\n","protected":false},"author":3,"featured_media":0,"parent":4318,"menu_order":0,"comment_status":"closed","ping_status":"closed","template":"","meta":{"site-sidebar-layout":"default","site-content-layout":"default","ast-global-header-display":"","ast-main-header-display":"","ast-hfb-above-header-display":"","ast-hfb-below-header-display":"","ast-hfb-mobile-header-display":"","site-post-title":"","ast-breadcrumbs-content":"","ast-featured-img":"","footer-sml-layout":"","theme-transparent-header-meta":"","adv-header-id-meta":"","stick-header-meta":"","header-above-stick-meta":"","header-main-stick-meta":"","header-below-stick-meta":""},"translation":{"provider":"WPGlobus","version":"2.10.4","language":"pt","enabled_languages":["gb","es","tr","it","pt"],"languages":{"gb":{"title":true,"content":true,"excerpt":false},"es":{"title":true,"content":true,"excerpt":false},"tr":{"title":true,"content":true,"excerpt":false},"it":{"title":true,"content":true,"excerpt":false},"pt":{"title":true,"content":true,"excerpt":false}}},"yoast_head":"<!-- This site is optimized with the Yoast SEO plugin v19.7.1 - https:\/\/yoast.com\/wordpress\/plugins\/seo\/ -->\n<title>Susana Costa Vieira - GESPORT+<\/title>\n<meta name=\"robots\" content=\"index, follow, max-snippet:-1, max-image-preview:large, max-video-preview:-1\" \/>\n<link rel=\"canonical\" href=\"https:\/\/gesport.unizar.es\/interviews-portugal\/susana-costa-vieira\/\" \/>\n<meta property=\"og:locale\" content=\"pt_PT\" \/>\n<meta property=\"og:type\" content=\"article\" \/>\n<meta property=\"og:title\" content=\"Susana Costa Vieira - GESPORT+\" \/>\n<meta property=\"og:url\" content=\"https:\/\/gesport.unizar.es\/interviews-portugal\/susana-costa-vieira\/\" \/>\n<meta property=\"og:site_name\" content=\"GESPORT+\" \/>\n<meta property=\"article:modified_time\" content=\"2022-07-21T14:28:23+00:00\" \/>\n<meta name=\"twitter:card\" content=\"summary_large_image\" \/>\n<meta name=\"twitter:label1\" content=\"Est. reading time\" \/>\n\t<meta name=\"twitter:data1\" content=\"1 minute\" \/>\n<script type=\"application\/ld+json\" class=\"yoast-schema-graph\">{\"@context\":\"https:\/\/schema.org\",\"@graph\":[{\"@type\":\"WebPage\",\"@id\":\"https:\/\/gesport.unizar.es\/interviews-portugal\/susana-costa-vieira\/\",\"url\":\"https:\/\/gesport.unizar.es\/interviews-portugal\/susana-costa-vieira\/\",\"name\":\"Susana Costa Vieira - GESPORT+\",\"isPartOf\":{\"@id\":\"https:\/\/gesport.unizar.es\/#website\"},\"datePublished\":\"2020-07-29T10:11:37+00:00\",\"dateModified\":\"2022-07-21T14:28:23+00:00\",\"breadcrumb\":{\"@id\":\"https:\/\/gesport.unizar.es\/interviews-portugal\/susana-costa-vieira\/#breadcrumb\"},\"inLanguage\":\"pt-PT\",\"potentialAction\":[{\"@type\":\"ReadAction\",\"target\":[\"https:\/\/gesport.unizar.es\/interviews-portugal\/susana-costa-vieira\/\"]}]},{\"@type\":\"BreadcrumbList\",\"@id\":\"https:\/\/gesport.unizar.es\/interviews-portugal\/susana-costa-vieira\/#breadcrumb\",\"itemListElement\":[{\"@type\":\"ListItem\",\"position\":1,\"name\":\"Portada\",\"item\":\"https:\/\/gesport.unizar.es\/\"},{\"@type\":\"ListItem\",\"position\":2,\"name\":\"Entrevistas Portugal\",\"item\":\"https:\/\/gesport.unizar.es\/interviews-portugal\/\"},{\"@type\":\"ListItem\",\"position\":3,\"name\":\"SUSANA COSTA VIEIRA\"}]},{\"@type\":\"WebSite\",\"@id\":\"https:\/\/gesport.unizar.es\/#website\",\"url\":\"https:\/\/gesport.unizar.es\/\",\"name\":\"GESPORT+\",\"description\":\"Corporate governance in sport organizations:  a gendered approach\",\"publisher\":{\"@id\":\"https:\/\/gesport.unizar.es\/#organization\"},\"potentialAction\":[{\"@type\":\"SearchAction\",\"target\":{\"@type\":\"EntryPoint\",\"urlTemplate\":\"https:\/\/gesport.unizar.es\/?s={search_term_string}\"},\"query-input\":\"required name=search_term_string\"}],\"inLanguage\":\"pt-PT\"},{\"@type\":\"Organization\",\"@id\":\"https:\/\/gesport.unizar.es\/#organization\",\"name\":\"GESPORT Erasmus+\",\"url\":\"https:\/\/gesport.unizar.es\/\",\"sameAs\":[],\"logo\":{\"@type\":\"ImageObject\",\"inLanguage\":\"pt-PT\",\"@id\":\"https:\/\/gesport.unizar.es\/#\/schema\/logo\/image\/\",\"url\":\"http:\/\/gesport.unizar.es\/wp-content\/uploads\/2018\/12\/4.jpg\",\"contentUrl\":\"http:\/\/gesport.unizar.es\/wp-content\/uploads\/2018\/12\/4.jpg\",\"width\":400,\"height\":400,\"caption\":\"GESPORT Erasmus+\"},\"image\":{\"@id\":\"https:\/\/gesport.unizar.es\/#\/schema\/logo\/image\/\"}}]}<\/script>\n<!-- \/ Yoast SEO plugin. -->","yoast_head_json":{"title":"Susana Costa Vieira - GESPORT+","robots":{"index":"index","follow":"follow","max-snippet":"max-snippet:-1","max-image-preview":"max-image-preview:large","max-video-preview":"max-video-preview:-1"},"canonical":"https:\/\/gesport.unizar.es\/interviews-portugal\/susana-costa-vieira\/","og_locale":"pt_PT","og_type":"article","og_title":"Susana Costa Vieira - GESPORT+","og_url":"https:\/\/gesport.unizar.es\/interviews-portugal\/susana-costa-vieira\/","og_site_name":"GESPORT+","article_modified_time":"2022-07-21T14:28:23+00:00","twitter_card":"summary_large_image","twitter_misc":{"Est. reading time":"1 minute"},"schema":{"@context":"https:\/\/schema.org","@graph":[{"@type":"WebPage","@id":"https:\/\/gesport.unizar.es\/interviews-portugal\/susana-costa-vieira\/","url":"https:\/\/gesport.unizar.es\/interviews-portugal\/susana-costa-vieira\/","name":"Susana Costa Vieira - GESPORT+","isPartOf":{"@id":"https:\/\/gesport.unizar.es\/#website"},"datePublished":"2020-07-29T10:11:37+00:00","dateModified":"2022-07-21T14:28:23+00:00","breadcrumb":{"@id":"https:\/\/gesport.unizar.es\/interviews-portugal\/susana-costa-vieira\/#breadcrumb"},"inLanguage":"pt-PT","potentialAction":[{"@type":"ReadAction","target":["https:\/\/gesport.unizar.es\/interviews-portugal\/susana-costa-vieira\/"]}]},{"@type":"BreadcrumbList","@id":"https:\/\/gesport.unizar.es\/interviews-portugal\/susana-costa-vieira\/#breadcrumb","itemListElement":[{"@type":"ListItem","position":1,"name":"Portada","item":"https:\/\/gesport.unizar.es\/"},{"@type":"ListItem","position":2,"name":"Entrevistas Portugal","item":"https:\/\/gesport.unizar.es\/interviews-portugal\/"},{"@type":"ListItem","position":3,"name":"SUSANA COSTA VIEIRA"}]},{"@type":"WebSite","@id":"https:\/\/gesport.unizar.es\/#website","url":"https:\/\/gesport.unizar.es\/","name":"GESPORT+","description":"Corporate governance in sport organizations:  a gendered approach","publisher":{"@id":"https:\/\/gesport.unizar.es\/#organization"},"potentialAction":[{"@type":"SearchAction","target":{"@type":"EntryPoint","urlTemplate":"https:\/\/gesport.unizar.es\/?s={search_term_string}"},"query-input":"required name=search_term_string"}],"inLanguage":"pt-PT"},{"@type":"Organization","@id":"https:\/\/gesport.unizar.es\/#organization","name":"GESPORT Erasmus+","url":"https:\/\/gesport.unizar.es\/","sameAs":[],"logo":{"@type":"ImageObject","inLanguage":"pt-PT","@id":"https:\/\/gesport.unizar.es\/#\/schema\/logo\/image\/","url":"http:\/\/gesport.unizar.es\/wp-content\/uploads\/2018\/12\/4.jpg","contentUrl":"http:\/\/gesport.unizar.es\/wp-content\/uploads\/2018\/12\/4.jpg","width":400,"height":400,"caption":"GESPORT Erasmus+"},"image":{"@id":"https:\/\/gesport.unizar.es\/#\/schema\/logo\/image\/"}}]}},"_links":{"self":[{"href":"https:\/\/gesport.unizar.es\/pt\/wp-json\/wp\/v2\/pages\/4631"}],"collection":[{"href":"https:\/\/gesport.unizar.es\/pt\/wp-json\/wp\/v2\/pages"}],"about":[{"href":"https:\/\/gesport.unizar.es\/pt\/wp-json\/wp\/v2\/types\/page"}],"author":[{"embeddable":true,"href":"https:\/\/gesport.unizar.es\/pt\/wp-json\/wp\/v2\/users\/3"}],"replies":[{"embeddable":true,"href":"https:\/\/gesport.unizar.es\/pt\/wp-json\/wp\/v2\/comments?post=4631"}],"version-history":[{"count":29,"href":"https:\/\/gesport.unizar.es\/pt\/wp-json\/wp\/v2\/pages\/4631\/revisions"}],"predecessor-version":[{"id":10460,"href":"https:\/\/gesport.unizar.es\/pt\/wp-json\/wp\/v2\/pages\/4631\/revisions\/10460"}],"up":[{"embeddable":true,"href":"https:\/\/gesport.unizar.es\/pt\/wp-json\/wp\/v2\/pages\/4318"}],"wp:attachment":[{"href":"https:\/\/gesport.unizar.es\/pt\/wp-json\/wp\/v2\/media?parent=4631"}],"curies":[{"name":"wp","href":"https:\/\/api.w.org\/{rel}","templated":true}]}}