{"id":4637,"date":"2020-07-29T10:18:20","date_gmt":"2020-07-29T10:18:20","guid":{"rendered":"http:\/\/gesport.unizar.es\/?page_id=4637"},"modified":"2022-10-27T21:18:55","modified_gmt":"2022-10-27T21:18:55","slug":"juliana-ferreira-sousa","status":"publish","type":"page","link":"https:\/\/gesport.unizar.es\/it\/interviews-portugal\/juliana-ferreira-sousa\/","title":{"rendered":"Juliana Ferreira Sousa"},"content":{"rendered":"\n<h2 class=\"has-text-align-center\"><strong>Vicepresidente della Federazione Portoghese di Pallamano<\/strong><\/h2>\n\n\n\n<div class=\"wp-container-3 wp-block-columns\">\n<div class=\"wp-container-1 wp-block-column is-vertically-aligned-center\" style=\"flex-basis:33.33%\">\n<p class=\"has-text-align-center\"><strong>Qual \u00e8 il ruolo dello sport nella tua vita? Quando e come \u00e8 iniziata la tua esperienza con lo sport che rappresenti?<\/strong><\/p>\n<\/div>\n\n\n\n<div class=\"wp-container-2 wp-block-column\" style=\"flex-basis:66.66%\">\n<figure class=\"wp-block-embed is-type-video is-provider-youtube wp-block-embed-youtube wp-embed-aspect-16-9 wp-has-aspect-ratio\"><div class=\"wp-block-embed__wrapper\">\n<div class=\"ast-oembed-container\" style=\"height: 100%;\"><iframe loading=\"lazy\" title=\"Juliana Ferreira Sousa, Handball Federation of Portugal - 1, 2\" width=\"500\" height=\"281\" src=\"https:\/\/www.youtube.com\/embed\/_QmFhM-f6oY?feature=oembed\" frameborder=\"0\" allow=\"accelerometer; autoplay; clipboard-write; encrypted-media; gyroscope; picture-in-picture\" allowfullscreen><\/iframe><\/div>\n<\/div><\/figure>\n<\/div>\n<\/div>\n\n\n\n<div class=\"wp-container-6 wp-block-columns\">\n<div class=\"wp-container-4 wp-block-column is-vertically-aligned-center\" style=\"flex-basis:33.33%\">\n<p class=\"has-text-align-center\"><strong>Cosa pensi di come le donne sono rappresentate oggi nelle organizzazioni sportive?<\/strong><\/p>\n<\/div>\n\n\n\n<div class=\"wp-container-5 wp-block-column\" style=\"flex-basis:66.66%\">\n<figure class=\"wp-block-embed is-type-video is-provider-youtube wp-block-embed-youtube wp-embed-aspect-16-9 wp-has-aspect-ratio\"><div class=\"wp-block-embed__wrapper\">\n<div class=\"ast-oembed-container\" style=\"height: 100%;\"><iframe loading=\"lazy\" title=\"Juliana Ferreira Sousa, Handball Federation of Portugal - 3\" width=\"500\" height=\"281\" src=\"https:\/\/www.youtube.com\/embed\/WpFE9U-4Ck4?feature=oembed\" frameborder=\"0\" allow=\"accelerometer; autoplay; clipboard-write; encrypted-media; gyroscope; picture-in-picture\" allowfullscreen><\/iframe><\/div>\n<\/div><\/figure>\n<\/div>\n<\/div>\n\n\n\n<div class=\"wp-container-11 wp-block-columns\">\n<div class=\"wp-container-10 wp-block-column\">\n<div class=\"wp-container-9 wp-block-columns\">\n<div class=\"wp-container-7 wp-block-column is-vertically-aligned-center\" style=\"flex-basis:33.33%\">\n<p class=\"has-text-align-center\"><strong>Come presidente \/ vicepresidente \/ membro del consiglio di amministrazione, hai partecipato alla definizione e all\u2019attuazione delle politiche sulla parit\u00e0 di genere? Se s\u00ec, quali erano quelle politiche? Perch\u00e9 pensi che siano utili? In caso contrario, perch\u00e9 no?<\/strong><\/p>\n<\/div>\n\n\n\n<div class=\"wp-container-8 wp-block-column\" style=\"flex-basis:66.66%\">\n<figure class=\"wp-block-embed is-type-video is-provider-youtube wp-block-embed-youtube wp-embed-aspect-16-9 wp-has-aspect-ratio\"><div class=\"wp-block-embed__wrapper\">\n<div class=\"ast-oembed-container\" style=\"height: 100%;\"><iframe loading=\"lazy\" title=\"Juliana Ferreira Sousa, Handball Federation of Portugal - 4\" width=\"500\" height=\"281\" src=\"https:\/\/www.youtube.com\/embed\/YN716EtLaEA?feature=oembed\" frameborder=\"0\" allow=\"accelerometer; autoplay; clipboard-write; encrypted-media; gyroscope; picture-in-picture\" allowfullscreen><\/iframe><\/div>\n<\/div><\/figure>\n<\/div>\n<\/div>\n<\/div>\n<\/div>\n\n\n\n<div class=\"wp-container-14 wp-block-columns\">\n<div class=\"wp-container-12 wp-block-column is-vertically-aligned-center\" style=\"flex-basis:33.33%\">\n<p class=\"has-text-align-center\"><strong>Quali sono le responsabilit\u00e0 generali del tuo consiglio federale? E da quanto tempo ne fai parte?<\/strong><\/p>\n<\/div>\n\n\n\n<div class=\"wp-container-13 wp-block-column\" style=\"flex-basis:66.66%\">\n<figure class=\"wp-block-embed is-type-video is-provider-youtube wp-block-embed-youtube wp-embed-aspect-16-9 wp-has-aspect-ratio\"><div class=\"wp-block-embed__wrapper\">\n<div class=\"ast-oembed-container\" style=\"height: 100%;\"><iframe loading=\"lazy\" title=\"Juliana Ferreira Sousa, Handball Federation of Portugal - 5\" width=\"500\" height=\"281\" src=\"https:\/\/www.youtube.com\/embed\/ciCQFirs-LQ?feature=oembed\" frameborder=\"0\" allow=\"accelerometer; autoplay; clipboard-write; encrypted-media; gyroscope; picture-in-picture\" allowfullscreen><\/iframe><\/div>\n<\/div><\/figure>\n<\/div>\n<\/div>\n\n\n\n<div class=\"wp-container-17 wp-block-columns\">\n<div class=\"wp-container-15 wp-block-column is-vertically-aligned-center\" style=\"flex-basis:33.33%\">\n<p class=\"has-text-align-center\"><strong>Quali sono le principali sfide che hai dovuto affrontare da quando occupi questo ruolo?<\/strong><\/p>\n<\/div>\n\n\n\n<div class=\"wp-container-16 wp-block-column\" style=\"flex-basis:66.66%\">\n<figure class=\"wp-block-embed is-type-video is-provider-youtube wp-block-embed-youtube wp-embed-aspect-16-9 wp-has-aspect-ratio\"><div class=\"wp-block-embed__wrapper\">\n<div class=\"ast-oembed-container\" style=\"height: 100%;\"><iframe loading=\"lazy\" title=\"Juliana Ferreira Sousa, Handball Federation of Portugal - 6\" width=\"500\" height=\"281\" src=\"https:\/\/www.youtube.com\/embed\/aAlxTU_nHiA?feature=oembed\" frameborder=\"0\" allow=\"accelerometer; autoplay; clipboard-write; encrypted-media; gyroscope; picture-in-picture\" allowfullscreen><\/iframe><\/div>\n<\/div><\/figure>\n<\/div>\n<\/div>\n\n\n\n<div class=\"wp-container-20 wp-block-columns\">\n<div class=\"wp-container-18 wp-block-column is-vertically-aligned-center\" style=\"flex-basis:33.33%\">\n<p class=\"has-text-align-center\"><strong>Cosa ne pensi della partecipzione femminile nella governance dello sport? Pensi ci sia ugualgianza on no?<\/strong><\/p>\n<\/div>\n\n\n\n<div class=\"wp-container-19 wp-block-column\" style=\"flex-basis:66.66%\">\n<figure class=\"wp-block-embed is-type-video is-provider-youtube wp-block-embed-youtube wp-embed-aspect-16-9 wp-has-aspect-ratio\"><div class=\"wp-block-embed__wrapper\">\n<div class=\"ast-oembed-container\" style=\"height: 100%;\"><iframe loading=\"lazy\" title=\"Juliana Ferreira Sousa, Handball Federation of Portugal - 7\" width=\"500\" height=\"281\" src=\"https:\/\/www.youtube.com\/embed\/vbFzJwBV39o?feature=oembed\" frameborder=\"0\" allow=\"accelerometer; autoplay; clipboard-write; encrypted-media; gyroscope; picture-in-picture\" allowfullscreen><\/iframe><\/div>\n<\/div><\/figure>\n<\/div>\n<\/div>\n\n\n\n<div class=\"wp-container-23 wp-block-columns\">\n<div class=\"wp-container-21 wp-block-column is-vertically-aligned-center\" style=\"flex-basis:33.33%\">\n<p class=\"has-text-align-center\"><strong>Quali altre politiche o misure consideri sia importante adottare per promuovere la parit\u00e0?<\/strong><\/p>\n<\/div>\n\n\n\n<div class=\"wp-container-22 wp-block-column\" style=\"flex-basis:66.66%\">\n<figure class=\"wp-block-embed is-type-video is-provider-youtube wp-block-embed-youtube wp-embed-aspect-16-9 wp-has-aspect-ratio\"><div class=\"wp-block-embed__wrapper\">\n<div class=\"ast-oembed-container\" style=\"height: 100%;\"><iframe loading=\"lazy\" title=\"Juliana Ferreira Sousa, Handball Federation of Portugal - 7\" width=\"500\" height=\"281\" src=\"https:\/\/www.youtube.com\/embed\/vbFzJwBV39o?feature=oembed\" frameborder=\"0\" allow=\"accelerometer; autoplay; clipboard-write; encrypted-media; gyroscope; picture-in-picture\" allowfullscreen><\/iframe><\/div>\n<\/div><\/figure>\n<\/div>\n<\/div>\n\n\n\n<div class=\"wp-container-26 wp-block-columns\">\n<div class=\"wp-container-24 wp-block-column is-vertically-aligned-center\" style=\"flex-basis:33.33%\">\n<p class=\"has-text-align-center\"><strong>Pensi che la tua presenza nel consiglio federale contribuisca alla parit\u00e0 di genere nella societ\u00e0? Se s\u00ec, come? Se no, perch\u00e8?<\/strong><\/p>\n<\/div>\n\n\n\n<div class=\"wp-container-25 wp-block-column\" style=\"flex-basis:66.66%\">\n<figure class=\"wp-block-embed is-type-video is-provider-youtube wp-block-embed-youtube wp-embed-aspect-16-9 wp-has-aspect-ratio\"><div class=\"wp-block-embed__wrapper\">\n<div class=\"ast-oembed-container\" style=\"height: 100%;\"><iframe loading=\"lazy\" title=\"Juliana Ferreira Sousa, Handball Federation of Portugal - 9\" width=\"500\" height=\"281\" src=\"https:\/\/www.youtube.com\/embed\/GGIfopauYoc?feature=oembed\" frameborder=\"0\" allow=\"accelerometer; autoplay; clipboard-write; encrypted-media; gyroscope; picture-in-picture\" allowfullscreen><\/iframe><\/div>\n<\/div><\/figure>\n<\/div>\n<\/div>\n\n\n\n<div class=\"wp-container-29 wp-block-columns are-vertically-aligned-center\">\n<div class=\"wp-container-27 wp-block-column is-vertically-aligned-center\" style=\"flex-basis:33.33%\">\n<p class=\"has-text-align-center\"><strong>Che consiglio daresti a una donna che diventa consigliere federale?<\/strong><\/p>\n<\/div>\n\n\n\n<div class=\"wp-container-28 wp-block-column is-vertically-aligned-center\" style=\"flex-basis:66.66%\">\n<figure class=\"wp-block-embed is-type-video is-provider-youtube wp-block-embed-youtube wp-embed-aspect-16-9 wp-has-aspect-ratio\"><div class=\"wp-block-embed__wrapper\">\n<div class=\"ast-oembed-container\" style=\"height: 100%;\"><iframe loading=\"lazy\" title=\"Juliana Ferreira Sousa, Handball Federation of Portugal - 10\" width=\"500\" height=\"281\" src=\"https:\/\/www.youtube.com\/embed\/tlRuyHDdquo?feature=oembed\" frameborder=\"0\" allow=\"accelerometer; autoplay; clipboard-write; encrypted-media; gyroscope; picture-in-picture\" allowfullscreen><\/iframe><\/div>\n<\/div><\/figure>\n<\/div>\n<\/div>\n\n\n\n<p><\/p>\n\n\n\n<p><\/p>\n\n\n\n<p><\/p>\n\n\n\n<p><\/p>\n\n\n\n<p><\/p>\n\n\n\n<p><\/p>\n\n\n\n<p><\/p>\n\n\n\n<p><\/p>\n\n\n\n<p><\/p>\n\n\n\n<figure class=\"wp-block-table\">\n\t<table>\n\t\t<tbody>\n\t\t\t<tr>\n\t\t\t\t<td style=\"vertical-align:middle;\">\n\t\t\t\t\t<div><p><strong>Qual \u00e8 il ruolo dello sport nella tua vita? Quando e come \u00e8 iniziata la tua esperienza con lo sport che rappresenti?<\/strong><\/p><br><\/div>\n\t\t\t\t<\/td>\n\t\t\t\t<td>\n\t\t\t\t\t<div align=\"center\">\n\t\t\t\t\t\t<figure><iframe loading=\"lazy\" width=\"560\" height=\"315\" src=\"https:\/\/www.youtube.com\/embed\/_QmFhM-f6oY\" frameborder=\"0\" allow=\"accelerometer; autoplay; encrypted-media; gyroscope; picture-in-picture\" allowfullscreen=\"\"><\/iframe><\/figure><\/td>\n\t\t\t\t\t<\/div>\n\t\t\t<\/tr><tr>\n\t\t\t\t<td style=\"vertical-align:middle;\">\n\t\t\t\t\t<div><p><strong>Cosa pensi di come le donne sono rappresentate oggi nelle organizzazioni sportive?<\/strong><\/p><br><\/div>\n\t\t\t\t<\/td>\n\t\t\t\t<td>\n\t\t\t\t\t<div align=\"center\">\n\t\t\t\t\t\t<figure><iframe loading=\"lazy\" width=\"560\" height=\"315\" src=\"https:\/\/www.youtube.com\/embed\/WpFE9U-4Ck4\" frameborder=\"0\" allow=\"accelerometer; autoplay; encrypted-media; gyroscope; picture-in-picture\" allowfullscreen=\"\"><\/iframe><\/figure><\/td>\n\t\t\t\t\t<\/div>\n\t\t\t\t<\/td>\n\t\t\t<\/tr><tr>\n\t\t\t\t<td style=\"vertical-align:middle;\">\n\t\t\t\t\t<div><p><strong>Come presidente \/ vicepresidente \/ membro del consiglio di amministrazione, hai partecipato alla definizione e all&#8217;attuazione delle politiche sulla parit\u00e0 di genere? Se s\u00ec, quali erano quelle politiche? Perch\u00e9 pensi che siano utili? In caso contrario, perch\u00e9 no?<\/strong><\/p><br><\/div>\n\t\t\t\t<\/td>\n\t\t\t\t<td>\n\t\t\t\t\t<div align=\"center\">\n\t\t\t\t\t\t<figure><iframe loading=\"lazy\" width=\"560\" height=\"315\" src=\"https:\/\/www.youtube.com\/embed\/YN716EtLaEA\" frameborder=\"0\" allow=\"accelerometer; autoplay; encrypted-media; gyroscope; picture-in-picture\" allowfullscreen=\"\"><\/iframe><\/figure><\/td>\n\t\t\t\t\t<\/div>\n\t\t\t\t<\/td>\n\t\t\t<\/tr><tr>\n\t\t\t\t<td style=\"vertical-align:middle;\">\n\t\t\t\t\t<div><p><strong>Quali sono le responsabilit\u00e0 generali del tuo consiglio federale? E da quanto tempo ne fai parte?<\/strong><\/p><br><\/div>\n\t\t\t\t<\/td>\n\t\t\t\t<td>\n\t\t\t\t\t<div align=\"center\">\n\t\t\t\t\t\t<figure><iframe loading=\"lazy\" width=\"560\" height=\"315\" src=\"https:\/\/www.youtube.com\/embed\/ciCQFirs-LQ\" frameborder=\"0\" allow=\"accelerometer; autoplay; encrypted-media; gyroscope; picture-in-picture\" allowfullscreen=\"\"><\/iframe><\/figure><\/td>\n\t\t\t\t\t<\/div>\n\t\t\t\t<\/td>\n\t\t\t<\/tr><tr>\n\t\t\t\t<td style=\"vertical-align:middle;\">\n\t\t\t\t\t<div><p><strong>Quali sono le principali sfide che hai dovuto affrontare da quando occupi questo ruolo?<\/strong><\/p><br><\/div>\n\t\t\t\t<\/td>\n\t\t\t\t<td>\n\t\t\t\t\t<div align=\"center\">\n\t\t\t\t\t\t<figure><iframe loading=\"lazy\" width=\"560\" height=\"315\" src=\"https:\/\/www.youtube.com\/embed\/aAlxTU_nHiA\" frameborder=\"0\" allow=\"accelerometer; autoplay; encrypted-media; gyroscope; picture-in-picture\" allowfullscreen=\"\"><\/iframe><\/figure><\/td>\n\t\t\t\t\t<\/div>\n\t\t\t\t<\/td>\n\t\t\t<\/tr><tr>\n\t\t\t\t<td style=\"vertical-align:middle;\">\n\t\t\t\t\t<div><p><strong>Cosa ne pensi della partecipzione femminile nella governance dello sport? Pensi ci sia ugualgianza on no?<\/strong><\/p><br><\/div>\n\t\t\t\t<\/td>\n\t\t\t\t<td>\n\t\t\t\t\t<div align=\"center\">\n\t\t\t\t\t\t<figure><iframe loading=\"lazy\" width=\"560\" height=\"315\" src=\"https:\/\/www.youtube.com\/embed\/vbFzJwBV39o\" frameborder=\"0\" allow=\"accelerometer; autoplay; encrypted-media; gyroscope; picture-in-picture\" allowfullscreen=\"\"><\/iframe><\/figure><\/td>\n\t\t\t\t\t<\/div>\n\t\t\t\t<\/td>\n\t\t\t<\/tr><tr>\n\t\t\t\t<td style=\"vertical-align:middle;\">\n\t\t\t\t\t<div><p><strong>Quali altre politiche o misure consideri sia importante adottare per promuovere la parit\u00e0?<\/strong><\/p><br><\/div>\n\t\t\t\t<\/td>\n\t\t\t\t<td>\n\t\t\t\t\t<div align=\"center\">\n\t\t\t\t\t\t<figure><iframe loading=\"lazy\" width=\"560\" height=\"315\" src=\"https:\/\/www.youtube.com\/embed\/wr_fbgiREo8\" frameborder=\"0\" allow=\"accelerometer; autoplay; encrypted-media; gyroscope; picture-in-picture\" allowfullscreen=\"\"><\/iframe><\/figure><\/td>\n\t\t\t\t\t<\/div>\n\t\t\t\t<\/td>\n\t\t\t<\/tr><tr>\n\t\t\t\t<td style=\"vertical-align:middle;\">\n\t\t\t\t\t<div><p><strong>Pensi che la tua presenza nel consiglio federale contribuisca alla parit\u00e0 di genere nella societ\u00e0? Se s\u00ec, come? Se no, perch\u00e8?<\/strong><\/p><br><\/div>\n\t\t\t\t<\/td>\n\t\t\t\t<td>\n\t\t\t\t\t<div align=\"center\">\n\t\t\t\t\t\t<figure><iframe loading=\"lazy\" width=\"560\" height=\"315\" src=\"https:\/\/www.youtube.com\/embed\/GGIfopauYoc\" frameborder=\"0\" allow=\"accelerometer; autoplay; encrypted-media; gyroscope; picture-in-picture\" allowfullscreen=\"\"><\/iframe><\/figure><\/td>\n\t\t\t\t\t<\/div>\n\t\t\t\t<\/td>\n\t\t\t<\/tr><tr>\n\t\t\t\t<td style=\"vertical-align:middle;\">\n\t\t\t\t\t<div><p><strong>Che consiglio daresti a una donna che diventa consigliere federale?<\/strong><\/p><br><\/div>\n\t\t\t\t<\/td>\n\t\t\t\t<td>\n\t\t\t\t\t<div align=\"center\">\n\t\t\t\t\t\t<figure><iframe loading=\"lazy\" width=\"560\" height=\"315\" src=\"https:\/\/www.youtube.com\/embed\/tlRuyHDdquo\" frameborder=\"0\" allow=\"accelerometer; autoplay; encrypted-media; gyroscope; picture-in-picture\" allowfullscreen=\"\"><\/iframe><\/figure><\/td>\n\t\t\t\t\t<\/div>\n\t\t\t\t<\/td>\n\t\t\t<\/tr>\n\t\t<\/tbody>\n\t<\/table>\n<\/figure>\n","protected":false},"excerpt":{"rendered":"<p>Vicepresidente della Federazione Portoghese di Pallamano Qual \u00e8 il ruolo dello sport nella tua vita? Quando e come \u00e8 iniziata la tua esperienza con lo sport che rappresenti? Cosa pensi di come le donne sono rappresentate oggi nelle organizzazioni sportive? Come presidente \/ vicepresidente \/ membro del consiglio di amministrazione, hai partecipato alla definizione e &hellip;<\/p>\n<p class=\"read-more\"> <a class=\"\" href=\"https:\/\/gesport.unizar.es\/it\/interviews-portugal\/juliana-ferreira-sousa\/\"> <span class=\"screen-reader-text\">Juliana Ferreira Sousa<\/span> Read More &raquo;<\/a><\/p>\n","protected":false},"author":3,"featured_media":0,"parent":4318,"menu_order":0,"comment_status":"closed","ping_status":"closed","template":"","meta":{"site-sidebar-layout":"default","site-content-layout":"default","ast-global-header-display":"","ast-main-header-display":"","ast-hfb-above-header-display":"","ast-hfb-below-header-display":"","ast-hfb-mobile-header-display":"","site-post-title":"","ast-breadcrumbs-content":"","ast-featured-img":"","footer-sml-layout":"","theme-transparent-header-meta":"","adv-header-id-meta":"","stick-header-meta":"","header-above-stick-meta":"","header-main-stick-meta":"","header-below-stick-meta":""},"translation":{"provider":"WPGlobus","version":"2.10.4","language":"it","enabled_languages":["gb","es","tr","it","pt"],"languages":{"gb":{"title":true,"content":true,"excerpt":false},"es":{"title":true,"content":true,"excerpt":false},"tr":{"title":true,"content":true,"excerpt":false},"it":{"title":true,"content":true,"excerpt":false},"pt":{"title":true,"content":true,"excerpt":false}}},"yoast_head":"<!-- This site is optimized with the Yoast SEO plugin v19.7.1 - https:\/\/yoast.com\/wordpress\/plugins\/seo\/ -->\n<title>Juliana Ferreira Sousa - GESPORT+<\/title>\n<meta name=\"robots\" content=\"index, follow, max-snippet:-1, max-image-preview:large, max-video-preview:-1\" \/>\n<link rel=\"canonical\" href=\"https:\/\/gesport.unizar.es\/interviews-portugal\/juliana-ferreira-sousa\/\" \/>\n<meta property=\"og:locale\" content=\"it_IT\" \/>\n<meta property=\"og:type\" content=\"article\" \/>\n<meta property=\"og:title\" content=\"Juliana Ferreira Sousa - GESPORT+\" \/>\n<meta property=\"og:url\" content=\"https:\/\/gesport.unizar.es\/interviews-portugal\/juliana-ferreira-sousa\/\" \/>\n<meta property=\"og:site_name\" content=\"GESPORT+\" \/>\n<meta property=\"article:modified_time\" content=\"2022-10-27T21:18:55+00:00\" \/>\n<meta name=\"twitter:card\" content=\"summary_large_image\" \/>\n<meta name=\"twitter:label1\" content=\"Est. reading time\" \/>\n\t<meta name=\"twitter:data1\" content=\"1 minute\" \/>\n<script type=\"application\/ld+json\" class=\"yoast-schema-graph\">{\"@context\":\"https:\/\/schema.org\",\"@graph\":[{\"@type\":\"WebPage\",\"@id\":\"https:\/\/gesport.unizar.es\/interviews-portugal\/juliana-ferreira-sousa\/\",\"url\":\"https:\/\/gesport.unizar.es\/interviews-portugal\/juliana-ferreira-sousa\/\",\"name\":\"Juliana Ferreira Sousa - GESPORT+\",\"isPartOf\":{\"@id\":\"https:\/\/gesport.unizar.es\/#website\"},\"datePublished\":\"2020-07-29T10:18:20+00:00\",\"dateModified\":\"2022-10-27T21:18:55+00:00\",\"breadcrumb\":{\"@id\":\"https:\/\/gesport.unizar.es\/interviews-portugal\/juliana-ferreira-sousa\/#breadcrumb\"},\"inLanguage\":\"it-IT\",\"potentialAction\":[{\"@type\":\"ReadAction\",\"target\":[\"https:\/\/gesport.unizar.es\/interviews-portugal\/juliana-ferreira-sousa\/\"]}]},{\"@type\":\"BreadcrumbList\",\"@id\":\"https:\/\/gesport.unizar.es\/interviews-portugal\/juliana-ferreira-sousa\/#breadcrumb\",\"itemListElement\":[{\"@type\":\"ListItem\",\"position\":1,\"name\":\"Portada\",\"item\":\"https:\/\/gesport.unizar.es\/\"},{\"@type\":\"ListItem\",\"position\":2,\"name\":\"Entrevistas Portugal\",\"item\":\"https:\/\/gesport.unizar.es\/interviews-portugal\/\"},{\"@type\":\"ListItem\",\"position\":3,\"name\":\"Juliana Ferreira Sousa\"}]},{\"@type\":\"WebSite\",\"@id\":\"https:\/\/gesport.unizar.es\/#website\",\"url\":\"https:\/\/gesport.unizar.es\/\",\"name\":\"GESPORT+\",\"description\":\"Corporate governance in sport organizations:  a gendered approach\",\"publisher\":{\"@id\":\"https:\/\/gesport.unizar.es\/#organization\"},\"potentialAction\":[{\"@type\":\"SearchAction\",\"target\":{\"@type\":\"EntryPoint\",\"urlTemplate\":\"https:\/\/gesport.unizar.es\/?s={search_term_string}\"},\"query-input\":\"required name=search_term_string\"}],\"inLanguage\":\"it-IT\"},{\"@type\":\"Organization\",\"@id\":\"https:\/\/gesport.unizar.es\/#organization\",\"name\":\"GESPORT Erasmus+\",\"url\":\"https:\/\/gesport.unizar.es\/\",\"sameAs\":[],\"logo\":{\"@type\":\"ImageObject\",\"inLanguage\":\"it-IT\",\"@id\":\"https:\/\/gesport.unizar.es\/#\/schema\/logo\/image\/\",\"url\":\"http:\/\/gesport.unizar.es\/wp-content\/uploads\/2018\/12\/4.jpg\",\"contentUrl\":\"http:\/\/gesport.unizar.es\/wp-content\/uploads\/2018\/12\/4.jpg\",\"width\":400,\"height\":400,\"caption\":\"GESPORT Erasmus+\"},\"image\":{\"@id\":\"https:\/\/gesport.unizar.es\/#\/schema\/logo\/image\/\"}}]}<\/script>\n<!-- \/ Yoast SEO plugin. -->","yoast_head_json":{"title":"Juliana Ferreira Sousa - GESPORT+","robots":{"index":"index","follow":"follow","max-snippet":"max-snippet:-1","max-image-preview":"max-image-preview:large","max-video-preview":"max-video-preview:-1"},"canonical":"https:\/\/gesport.unizar.es\/interviews-portugal\/juliana-ferreira-sousa\/","og_locale":"it_IT","og_type":"article","og_title":"Juliana Ferreira Sousa - GESPORT+","og_url":"https:\/\/gesport.unizar.es\/interviews-portugal\/juliana-ferreira-sousa\/","og_site_name":"GESPORT+","article_modified_time":"2022-10-27T21:18:55+00:00","twitter_card":"summary_large_image","twitter_misc":{"Est. reading time":"1 minute"},"schema":{"@context":"https:\/\/schema.org","@graph":[{"@type":"WebPage","@id":"https:\/\/gesport.unizar.es\/interviews-portugal\/juliana-ferreira-sousa\/","url":"https:\/\/gesport.unizar.es\/interviews-portugal\/juliana-ferreira-sousa\/","name":"Juliana Ferreira Sousa - GESPORT+","isPartOf":{"@id":"https:\/\/gesport.unizar.es\/#website"},"datePublished":"2020-07-29T10:18:20+00:00","dateModified":"2022-10-27T21:18:55+00:00","breadcrumb":{"@id":"https:\/\/gesport.unizar.es\/interviews-portugal\/juliana-ferreira-sousa\/#breadcrumb"},"inLanguage":"it-IT","potentialAction":[{"@type":"ReadAction","target":["https:\/\/gesport.unizar.es\/interviews-portugal\/juliana-ferreira-sousa\/"]}]},{"@type":"BreadcrumbList","@id":"https:\/\/gesport.unizar.es\/interviews-portugal\/juliana-ferreira-sousa\/#breadcrumb","itemListElement":[{"@type":"ListItem","position":1,"name":"Portada","item":"https:\/\/gesport.unizar.es\/"},{"@type":"ListItem","position":2,"name":"Entrevistas Portugal","item":"https:\/\/gesport.unizar.es\/interviews-portugal\/"},{"@type":"ListItem","position":3,"name":"Juliana Ferreira Sousa"}]},{"@type":"WebSite","@id":"https:\/\/gesport.unizar.es\/#website","url":"https:\/\/gesport.unizar.es\/","name":"GESPORT+","description":"Corporate governance in sport organizations:  a gendered approach","publisher":{"@id":"https:\/\/gesport.unizar.es\/#organization"},"potentialAction":[{"@type":"SearchAction","target":{"@type":"EntryPoint","urlTemplate":"https:\/\/gesport.unizar.es\/?s={search_term_string}"},"query-input":"required name=search_term_string"}],"inLanguage":"it-IT"},{"@type":"Organization","@id":"https:\/\/gesport.unizar.es\/#organization","name":"GESPORT Erasmus+","url":"https:\/\/gesport.unizar.es\/","sameAs":[],"logo":{"@type":"ImageObject","inLanguage":"it-IT","@id":"https:\/\/gesport.unizar.es\/#\/schema\/logo\/image\/","url":"http:\/\/gesport.unizar.es\/wp-content\/uploads\/2018\/12\/4.jpg","contentUrl":"http:\/\/gesport.unizar.es\/wp-content\/uploads\/2018\/12\/4.jpg","width":400,"height":400,"caption":"GESPORT Erasmus+"},"image":{"@id":"https:\/\/gesport.unizar.es\/#\/schema\/logo\/image\/"}}]}},"_links":{"self":[{"href":"https:\/\/gesport.unizar.es\/it\/wp-json\/wp\/v2\/pages\/4637"}],"collection":[{"href":"https:\/\/gesport.unizar.es\/it\/wp-json\/wp\/v2\/pages"}],"about":[{"href":"https:\/\/gesport.unizar.es\/it\/wp-json\/wp\/v2\/types\/page"}],"author":[{"embeddable":true,"href":"https:\/\/gesport.unizar.es\/it\/wp-json\/wp\/v2\/users\/3"}],"replies":[{"embeddable":true,"href":"https:\/\/gesport.unizar.es\/it\/wp-json\/wp\/v2\/comments?post=4637"}],"version-history":[{"count":30,"href":"https:\/\/gesport.unizar.es\/it\/wp-json\/wp\/v2\/pages\/4637\/revisions"}],"predecessor-version":[{"id":10570,"href":"https:\/\/gesport.unizar.es\/it\/wp-json\/wp\/v2\/pages\/4637\/revisions\/10570"}],"up":[{"embeddable":true,"href":"https:\/\/gesport.unizar.es\/it\/wp-json\/wp\/v2\/pages\/4318"}],"wp:attachment":[{"href":"https:\/\/gesport.unizar.es\/it\/wp-json\/wp\/v2\/media?parent=4637"}],"curies":[{"name":"wp","href":"https:\/\/api.w.org\/{rel}","templated":true}]}}